{"id":2036,"date":"2023-02-21T14:22:34","date_gmt":"2023-02-21T14:22:34","guid":{"rendered":"https:\/\/avadawebsites.wpengine.com\/magazine\/?page_id=4"},"modified":"2026-04-23T12:37:16","modified_gmt":"2026-04-23T12:37:16","slug":"magazine-home","status":"publish","type":"page","link":"https:\/\/karriere.compassio.de\/magazin\/","title":{"rendered":"Magazine Home"},"content":{"rendered":"<p><div class=\"fusion-fullwidth fullwidth-box fusion-builder-row-1 fusion-flex-container has-pattern-background has-mask-background nonhundred-percent-fullwidth non-hundred-percent-height-scrolling fusion-no-small-visibility\" style=\"--awb-border-radius-top-left:0px;--awb-border-radius-top-right:0px;--awb-border-radius-bottom-right:0px;--awb-border-radius-bottom-left:0px;--awb-flex-wrap:wrap;\" ><div class=\"fusion-builder-row fusion-row fusion-flex-align-items-flex-start fusion-flex-content-wrap\" style=\"max-width:1302px;margin-left: calc(-5% \/ 2 );margin-right: calc(-5% \/ 2 );\"><div class=\"fusion-layout-column fusion_builder_column fusion-builder-column-0 fusion_builder_column_1_1 1_1 fusion-flex-column\" style=\"--awb-bg-size:cover;--awb-border-color:var(--awb-color2);--awb-border-bottom:1px;--awb-border-style:solid;--awb-width-large:100%;--awb-margin-top-large:0px;--awb-spacing-right-large:2.375%;--awb-margin-bottom-large:0px;--awb-spacing-left-large:2.375%;--awb-width-medium:100%;--awb-order-medium:0;--awb-spacing-right-medium:2.375%;--awb-spacing-left-medium:2.375%;--awb-width-small:100%;--awb-order-small:0;--awb-spacing-right-small:2.375%;--awb-spacing-left-small:2.375%;\"><div class=\"fusion-column-wrapper fusion-column-has-shadow fusion-flex-justify-content-flex-start fusion-content-layout-column\"><div class=\"awb-news-ticker awb-news-ticker-1 awb-news-ticker-carousel\" role=\"marquee\" style=\"--awb-font-size:var(--awb-typography5-font-size);--awb-letter-spacing:var(--awb-typography5-letter-spacing);--awb-text-transform:var(--awb-typography5-text-transform);--awb-ticker-height:60px;--awb-title-font-color:var(--awb-color1);--awb-ticker-font-color:var(--awb-color8);--awb-ticker-background-color:var(--awb-color1);--awb-title-padding-right:30px;--awb-title-padding-left:30px;--awb-ticker-padding-left:30px;--awb-line-height:var(--awb-typography5-line-height);--awb-font-family:var(--awb-typography5-font-family);--awb-font-weight:var(--awb-typography5-font-weight);--awb-font-style:var(--awb-typography5-font-style);--awb-carousel-bar-height:2px;\"><div class=\"awb-news-ticker-title\">Neuste Beitr\u00e4ge<\/div><div class=\"awb-news-ticker-bar awb-news-ticker-bar-carousel\"><div class=\"awb-news-ticker-item-list awb-news-ticker-item-list-carousel\" data-awb-news-ticker-display-time=\"6\"><div class=\"awb-news-ticker-item awb-news-ticker-item-active\"><a class=\"awb-news-ticker-link\" href=\"https:\/\/karriere.compassio.de\/magazin\/ausbildung-pflege-starte-jetzt-deine-karriere-mit-sinn-bei-compassio\/\"><span class=\"awb-news-ticker-title-date\">Apr. 1: <\/span>Ausbildung Pflege: Starte jetzt deine Karriere bei compassio<\/a><\/div><div class=\"awb-news-ticker-item\"><a class=\"awb-news-ticker-link\" href=\"https:\/\/karriere.compassio.de\/magazin\/pflegeberuf-job-starte-deine-sinnvolle-karriere\/\"><span class=\"awb-news-ticker-title-date\">Apr. 1: <\/span>Pflegeberuf Job: Starte deine sinnvolle Karriere<\/a><\/div><div class=\"awb-news-ticker-item\"><a class=\"awb-news-ticker-link\" href=\"https:\/\/karriere.compassio.de\/magazin\/umschulung-pflege-starte-jetzt-neu-in-der-pflege\/\"><span class=\"awb-news-ticker-title-date\">Apr. 1: <\/span>Umschulung Pflege: Starte jetzt neu in der Pflege<\/a><\/div><div class=\"awb-news-ticker-item\"><a class=\"awb-news-ticker-link\" href=\"https:\/\/karriere.compassio.de\/magazin\/weiterbildung-pflege-so-entwickelst-du-deine-karriere-%f0%9f%92%a1-bei-compassio\/\"><span class=\"awb-news-ticker-title-date\">Apr. 1: <\/span>Weiterbildung Pflege: So entwickelst du deine Karriere \ud83d\udca1 bei compassio<\/a><\/div><div class=\"awb-news-ticker-item\"><a class=\"awb-news-ticker-link\" href=\"https:\/\/karriere.compassio.de\/magazin\/pflege-und-familie-vereinen-wie-du-bei-compassio-beides-lebst\/\"><span class=\"awb-news-ticker-title-date\">Apr. 1: <\/span>Pflege und Familie vereinen: Wie du bei compassio beides lebst<\/a><\/div><\/div><div class=\"awb-news-ticker-items-buttons\"><div class=\"awb-news-ticker-btn-wrapper\"><button class=\"awb-news-ticker-prev-btn\" aria-label=\"Zur\u00fcck\"><span class=\"awb-news-ticker-btn-arrow\">&#xf104;<\/span><\/button><\/div><div class=\"awb-news-ticker-btn-wrapper\"><button class=\"awb-news-ticker-next-btn\" aria-label=\"Vor\"><span class=\"awb-news-ticker-btn-arrow\">&#xf105;<\/span><\/button><\/div><\/div><div class=\"awb-news-ticker-carousel-indicator\"><\/div><\/div><\/div><\/div><\/div><\/div><\/div><div class=\"fusion-fullwidth fullwidth-box fusion-builder-row-2 fusion-flex-container has-pattern-background has-mask-background nonhundred-percent-fullwidth non-hundred-percent-height-scrolling\" style=\"--awb-border-radius-top-left:0px;--awb-border-radius-top-right:0px;--awb-border-radius-bottom-right:0px;--awb-border-radius-bottom-left:0px;--awb-margin-top:35px;--awb-flex-wrap:wrap;\" ><div class=\"fusion-builder-row fusion-row fusion-flex-align-items-flex-start fusion-flex-content-wrap\" style=\"max-width:1264.8px;margin-left: calc(-2% \/ 2 );margin-right: calc(-2% \/ 2 );\"><div class=\"fusion-layout-column fusion_builder_column fusion-builder-column-1 fusion_builder_column_3_5 3_5 fusion-flex-column fusion-flex-align-self-stretch\" style=\"--awb-bg-size:cover;--awb-width-large:60%;--awb-margin-top-large:0px;--awb-spacing-right-large:1.6333333333333%;--awb-margin-bottom-large:0px;--awb-spacing-left-large:1.6333333333333%;--awb-width-medium:60%;--awb-order-medium:0;--awb-spacing-right-medium:1.6333333333333%;--awb-spacing-left-medium:1.6333333333333%;--awb-width-small:100%;--awb-order-small:0;--awb-spacing-right-small:0.98%;--awb-margin-bottom-small:20px;--awb-spacing-left-small:0.98%;\"><div class=\"fusion-column-wrapper fusion-column-has-shadow fusion-flex-justify-content-flex-start fusion-content-layout-column\"><div class=\"fusion-post-cards fusion-post-cards-1 fusion-grid-archive fusion-grid-columns-1 fusion-grid-flex-grow grow-post-cards\" style=\"--awb-column-spacing:0px;--awb-dots-align:center;--awb-columns:1;--awb-active-filter-border-size:3px;--awb-filters-height:36px;--awb-row-spacing:0px;--awb-columns-medium:100%;--awb-columns-small:100%;\" data-post-type-label=\"beitr\u00e4ge\"><ul class=\"fusion-grid fusion-grid-1 fusion-flex-align-items-stretch fusion-grid-posts-cards\"><li class=\"fusion-layout-column fusion_builder_column fusion-builder-column-2 fusion-flex-column post-card fusion-grid-column fusion-post-cards-grid-column\" style=\"--awb-padding-top:15vw;--awb-padding-right:3vw;--awb-padding-bottom:1vw;--awb-padding-left:3vw;--awb-padding-right-medium:4vw;--awb-padding-bottom-medium:3vw;--awb-padding-left-medium:4vw;--awb-padding-right-small:30px;--awb-padding-bottom-small:30px;--awb-padding-left-small:30px;--awb-bg-image:linear-gradient(180deg, hsla(var(--awb-color8-h),var(--awb-color8-s),calc(var(--awb-color8-l) - 5%),calc(var(--awb-color8-a) - 100%)) 0%,hsla(var(--awb-color8-h),var(--awb-color8-s),calc(var(--awb-color8-l) - 5%),var(--awb-color8-a)) 90%);;--awb-bg-position:center center;--awb-bg-size:cover;--awb-transform:translateY(0px);--awb-transform-hover:translateY(10px);--awb-flex-grow:0;--awb-flex-shrink:0;--awb-flex-grow-medium:0;--awb-flex-shrink-medium:0;--awb-flex-grow-small:0;--awb-flex-shrink-small:0;\"><div class=\"fusion-column-wrapper lazyload fusion-flex-justify-content-flex-start fusion-content-layout-column fusion-column-has-bg-image\" data-bg-url=\"https:\/\/karriere.compassio.de\/magazin\/wp-content\/uploads\/2026\/04\/18.png\" data-bg=\"https:\/\/karriere.compassio.de\/magazin\/wp-content\/uploads\/2026\/04\/18.png\" data-bg-gradient=\"linear-gradient(180deg, hsla(var(--awb-color8-h),var(--awb-color8-s),calc(var(--awb-color8-l) - 5%),calc(var(--awb-color8-a) - 100%)) 0%,hsla(var(--awb-color8-h),var(--awb-color8-s),calc(var(--awb-color8-l) - 5%),var(--awb-color8-a)) 90%)\"><div ><a class=\"fusion-button button-flat fusion-button-default-size button-custom fusion-button-default button-1 fusion-button-default-span fusion-button-default-type\" style=\"--awb-margin-bottom:10px;--awb-padding-top:0px;--awb-padding-right:15px;--awb-padding-bottom:10px;--awb-padding-left:5px;--button_accent_color:var(--awb-color1);--button_border_color:var(--awb-color4);--button_accent_hover_color:var(--awb-color1);--button_border_hover_color:var(--awb-color4);--button_border_width-top:1px;--button_border_width-right:2px;--button_border_width-bottom:2px;--button_border_width-left:1px;--button-border-radius-top-left:0;--button-border-radius-top-right:0;--button-border-radius-bottom-right:0;--button-border-radius-bottom-left:0;--button_gradient_top_color:hsla(var(--awb-color4-h),var(--awb-color4-s),var(--awb-color4-l),calc(var(--awb-color4-a) - 100%));--button_gradient_bottom_color:hsla(var(--awb-color4-h),var(--awb-color4-s),var(--awb-color4-l),calc(var(--awb-color4-a) - 100%));--button_gradient_top_color_hover:hsla(var(--awb-color1-h),var(--awb-color1-s),var(--awb-color1-l),calc(var(--awb-color1-a) - 100%));--button_gradient_bottom_color_hover:hsla(var(--awb-color1-h),var(--awb-color1-s),var(--awb-color1-l),calc(var(--awb-color1-a) - 100%));--button_text_transform:var(--awb-typography5-text-transform);--button_font_size:var(--awb-typography5-font-size);--button_line_height:var(--awb-typography5-line-height);--button_typography-letter-spacing:var(--awb-typography5-letter-spacing);--button_typography-font-family:var(--awb-typography5-font-family);--button_typography-font-weight:var(--awb-typography5-font-weight);--button_typography-font-style:var(--awb-typography5-font-style);\" target=\"_self\" href=\"https:\/\/karriere.compassio.de\/magazin\/tarifvertrag-in-der-pflege\/\"><span class=\"fusion-button-text awb-button__text awb-button__text--default\">Arbeit &amp; Leben in der Pflege<\/span><\/a><\/div><div class=\"fusion-title title fusion-title-1 fusion-sep-none fusion-title-text fusion-title-size-two\" style=\"--awb-margin-top-small:10px;--awb-margin-right-small:0px;--awb-margin-bottom-small:10px;--awb-margin-left-small:0px;--awb-link-color:var(--awb-color1);--awb-link-hover-color:var(--awb-color3);\"><h2 class=\"fusion-title-heading title-heading-left\" style=\"margin:0;text-transform:capitalize;\"><a href=\"https:\/\/karriere.compassio.de\/magazin\/tarifvertrag-in-der-pflege\/\" class=\"awb-custom-text-color awb-custom-text-hover-color\" target=\"_self\">Tarifvertrag Pflege: Das bedeutet er f\u00fcr dich bei compassio<\/a><\/h2><\/div><div class=\"fusion-meta-tb fusion-meta-tb-1 floated\" style=\"--awb-border-bottom:0px;--awb-border-top:0px;--awb-height:36px;--awb-text-color:hsla(var(--awb-color1-h),var(--awb-color1-s),var(--awb-color1-l),calc(var(--awb-color1-a) - 50%));--awb-link-color:var(--awb-color4);--awb-alignment-medium:flex-start;--awb-alignment-small:flex-start;\"><span class=\"fusion-tb-modified-date\">Zuletzt ge\u00e4ndert: 28. April 2026<\/span><span class=\"fusion-meta-tb-sep\">|<\/span><\/div><\/div><\/li>\n<\/ul><\/div><\/div><\/div><div class=\"fusion-layout-column fusion_builder_column fusion-builder-column-3 fusion_builder_column_2_5 2_5 fusion-flex-column\" style=\"--awb-bg-size:cover;--awb-width-large:40%;--awb-flex-grow:0;--awb-flex-shrink:0;--awb-margin-top-large:0px;--awb-spacing-right-large:2.45%;--awb-margin-bottom-large:0px;--awb-spacing-left-large:2.45%;--awb-width-medium:40%;--awb-order-medium:0;--awb-flex-grow-medium:0;--awb-flex-shrink-medium:0;--awb-spacing-right-medium:2.45%;--awb-spacing-left-medium:2.45%;--awb-width-small:100%;--awb-order-small:0;--awb-flex-grow-small:0;--awb-flex-shrink-small:0;--awb-spacing-right-small:0.98%;--awb-spacing-left-small:0.98%;\"><div class=\"fusion-column-wrapper fusion-column-has-shadow fusion-flex-justify-content-flex-start fusion-content-layout-column\"><div class=\"fusion-builder-row fusion-builder-row-inner fusion-row fusion-flex-align-items-flex-start fusion-flex-content-wrap\" style=\"--awb-flex-grow:0;--awb-flex-grow-medium:0;--awb-flex-grow-small:0;--awb-flex-shrink:0;--awb-flex-shrink-medium:0;--awb-flex-shrink-small:0;width:102% !important;max-width:102% !important;margin-left: calc(-2% \/ 2 );margin-right: calc(-2% \/ 2 );\"><div class=\"fusion-layout-column fusion_builder_column_inner fusion-builder-nested-column-0 fusion_builder_column_inner_1_1 1_1 fusion-flex-column\" style=\"--awb-padding-top:0px;--awb-padding-bottom:0px;--awb-bg-size:cover;--awb-width-large:100%;--awb-margin-top-large:0px;--awb-spacing-right-large:0.98%;--awb-margin-bottom-large:0px;--awb-spacing-left-large:0.98%;--awb-width-medium:100%;--awb-order-medium:0;--awb-spacing-right-medium:0.98%;--awb-spacing-left-medium:0.98%;--awb-width-small:100%;--awb-order-small:0;--awb-spacing-right-small:0.98%;--awb-spacing-left-small:0.98%;\"><div class=\"fusion-column-wrapper fusion-column-has-shadow fusion-flex-justify-content-flex-start fusion-content-layout-column\"><div class=\"fusion-post-cards fusion-post-cards-2 fusion-grid-archive fusion-grid-columns-1 fusion-grid-flex-grow\" style=\"--awb-column-spacing:0px;--awb-dots-align:center;--awb-columns:1;--awb-active-filter-border-size:3px;--awb-filters-height:36px;--awb-columns-medium:100%;--awb-columns-small:100%;\" data-post-type-label=\"beitr\u00e4ge\"><ul class=\"fusion-grid fusion-grid-1 fusion-flex-align-items-flex-start fusion-grid-posts-cards\"><li class=\"fusion-layout-column fusion_builder_column fusion-builder-column-4 fusion-flex-column post-card fusion-grid-column fusion-post-cards-grid-column\" style=\"--awb-padding-top:5.5vw;--awb-padding-right:2vw;--awb-padding-bottom:1vw;--awb-padding-left:2vw;--awb-padding-bottom-medium:2vw;--awb-padding-right-small:25px;--awb-padding-bottom-small:25px;--awb-padding-left-small:25px;--awb-bg-image:linear-gradient(180deg, hsla(var(--awb-color8-h),var(--awb-color8-s),calc(var(--awb-color8-l) - 5%),calc(var(--awb-color8-a) - 100%)) 0%,hsla(var(--awb-color8-h),var(--awb-color8-s),calc(var(--awb-color8-l) - 5%),var(--awb-color8-a)) 95%);;--awb-bg-position:center center;--awb-bg-size:cover;--awb-transform:translateY(0px);--awb-transform-hover:translateY(10px);--awb-flex-grow:0;--awb-flex-shrink:0;--awb-flex-grow-medium:0;--awb-flex-shrink-medium:0;--awb-flex-grow-small:0;--awb-flex-shrink-small:0;\"><div class=\"fusion-column-wrapper lazyload fusion-flex-justify-content-flex-start fusion-content-layout-column fusion-column-has-bg-image\" data-bg-url=\"https:\/\/karriere.compassio.de\/magazin\/wp-content\/uploads\/2026\/04\/16.png\" data-bg=\"https:\/\/karriere.compassio.de\/magazin\/wp-content\/uploads\/2026\/04\/16.png\" data-bg-gradient=\"linear-gradient(180deg, hsla(var(--awb-color8-h),var(--awb-color8-s),calc(var(--awb-color8-l) - 5%),calc(var(--awb-color8-a) - 100%)) 0%,hsla(var(--awb-color8-h),var(--awb-color8-s),calc(var(--awb-color8-l) - 5%),var(--awb-color8-a)) 95%)\"><div ><a class=\"fusion-button button-flat fusion-button-default-size button-custom fusion-button-default button-2 fusion-button-default-span fusion-button-default-type\" style=\"--awb-margin-bottom:10px;--awb-padding-top:0px;--awb-padding-right:15px;--awb-padding-bottom:10px;--awb-padding-left:5px;--button_accent_color:var(--awb-color1);--button_border_color:var(--awb-color4);--button_accent_hover_color:var(--awb-color1);--button_border_hover_color:var(--awb-color4);--button_border_width-top:1px;--button_border_width-right:2px;--button_border_width-bottom:2px;--button_border_width-left:1px;--button-border-radius-top-left:0;--button-border-radius-top-right:0;--button-border-radius-bottom-right:0;--button-border-radius-bottom-left:0;--button_gradient_top_color:hsla(var(--awb-color4-h),var(--awb-color4-s),var(--awb-color4-l),calc(var(--awb-color4-a) - 100%));--button_gradient_bottom_color:hsla(var(--awb-color4-h),var(--awb-color4-s),var(--awb-color4-l),calc(var(--awb-color4-a) - 100%));--button_gradient_top_color_hover:hsla(var(--awb-color1-h),var(--awb-color1-s),var(--awb-color1-l),calc(var(--awb-color1-a) - 100%));--button_gradient_bottom_color_hover:hsla(var(--awb-color1-h),var(--awb-color1-s),var(--awb-color1-l),calc(var(--awb-color1-a) - 100%));--button_text_transform:var(--awb-typography5-text-transform);--button_font_size:var(--awb-typography5-font-size);--button_line_height:var(--awb-typography5-line-height);--button_typography-letter-spacing:var(--awb-typography5-letter-spacing);--button_typography-font-family:var(--awb-typography5-font-family);--button_typography-font-weight:var(--awb-typography5-font-weight);--button_typography-font-style:var(--awb-typography5-font-style);\" target=\"_self\" href=\"https:\/\/karriere.compassio.de\/magazin\/bewerbung-pflege-alles-rund-um-das-vorstellungsgespraech\/\"><span class=\"fusion-button-text awb-button__text awb-button__text--default\">Karriere in der Pflege<\/span><\/a><\/div><div class=\"fusion-title title fusion-title-2 fusion-sep-none fusion-title-text fusion-title-size-four\" style=\"--awb-margin-top-small:10px;--awb-margin-right-small:0px;--awb-margin-bottom-small:10px;--awb-margin-left-small:0px;--awb-link-color:var(--awb-color1);--awb-link-hover-color:var(--awb-color3);\"><h4 class=\"fusion-title-heading title-heading-left\" style=\"margin:0;text-transform:capitalize;\"><a href=\"https:\/\/karriere.compassio.de\/magazin\/bewerbung-pflege-alles-rund-um-das-vorstellungsgespraech\/\" class=\"awb-custom-text-color awb-custom-text-hover-color\" target=\"_self\">Bewerbung Pflege: Alles rund um das Vorstellungsgespr\u00e4ch<\/a><\/h4><\/div><\/div><\/li>\n<\/ul><\/div><\/div><\/div><div class=\"fusion-layout-column fusion_builder_column_inner fusion-builder-nested-column-1 fusion_builder_column_inner_1_1 1_1 fusion-flex-column\" style=\"--awb-padding-top:0px;--awb-padding-bottom:0px;--awb-bg-size:cover;--awb-width-large:100%;--awb-margin-top-large:0px;--awb-spacing-right-large:0.98%;--awb-margin-bottom-large:0px;--awb-spacing-left-large:0.98%;--awb-width-medium:100%;--awb-order-medium:0;--awb-spacing-right-medium:0.98%;--awb-spacing-left-medium:0.98%;--awb-width-small:100%;--awb-order-small:0;--awb-spacing-right-small:0.98%;--awb-spacing-left-small:0.98%;\"><div class=\"fusion-column-wrapper fusion-column-has-shadow fusion-flex-justify-content-flex-start fusion-content-layout-column\"><div class=\"fusion-post-cards fusion-post-cards-3 fusion-grid-archive fusion-grid-columns-1 fusion-grid-flex-grow\" style=\"--awb-column-spacing:0px;--awb-dots-align:center;--awb-columns:1;--awb-active-filter-border-size:3px;--awb-filters-height:36px;--awb-row-spacing:0px;--awb-columns-medium:100%;--awb-columns-small:100%;\" data-post-type-label=\"beitr\u00e4ge\"><ul class=\"fusion-grid fusion-grid-1 fusion-flex-align-items-flex-start fusion-grid-posts-cards\"><li class=\"fusion-layout-column fusion_builder_column fusion-builder-column-5 fusion-flex-column post-card fusion-grid-column fusion-post-cards-grid-column\" style=\"--awb-padding-top:5.5vw;--awb-padding-right:2vw;--awb-padding-bottom:1vw;--awb-padding-left:2vw;--awb-padding-bottom-medium:2vw;--awb-padding-right-small:25px;--awb-padding-bottom-small:25px;--awb-padding-left-small:25px;--awb-bg-image:linear-gradient(180deg, hsla(var(--awb-color8-h),var(--awb-color8-s),calc(var(--awb-color8-l) - 5%),calc(var(--awb-color8-a) - 100%)) 0%,hsla(var(--awb-color8-h),var(--awb-color8-s),calc(var(--awb-color8-l) - 5%),var(--awb-color8-a)) 95%);;--awb-bg-position:center center;--awb-bg-size:cover;--awb-transform:translateY(0px);--awb-transform-hover:translateY(10px);--awb-flex-grow:0;--awb-flex-shrink:0;--awb-flex-grow-medium:0;--awb-flex-shrink-medium:0;--awb-flex-grow-small:0;--awb-flex-shrink-small:0;\"><div class=\"fusion-column-wrapper lazyload fusion-flex-justify-content-flex-start fusion-content-layout-column fusion-column-has-bg-image\" data-bg-url=\"https:\/\/karriere.compassio.de\/magazin\/wp-content\/uploads\/2026\/04\/5.png\" data-bg=\"https:\/\/karriere.compassio.de\/magazin\/wp-content\/uploads\/2026\/04\/5.png\" data-bg-gradient=\"linear-gradient(180deg, hsla(var(--awb-color8-h),var(--awb-color8-s),calc(var(--awb-color8-l) - 5%),calc(var(--awb-color8-a) - 100%)) 0%,hsla(var(--awb-color8-h),var(--awb-color8-s),calc(var(--awb-color8-l) - 5%),var(--awb-color8-a)) 95%)\"><div ><a class=\"fusion-button button-flat fusion-button-default-size button-custom fusion-button-default button-3 fusion-button-default-span fusion-button-default-type\" style=\"--awb-margin-bottom:10px;--awb-padding-top:0px;--awb-padding-right:15px;--awb-padding-bottom:10px;--awb-padding-left:5px;--button_accent_color:var(--awb-color1);--button_border_color:var(--awb-color4);--button_accent_hover_color:var(--awb-color1);--button_border_hover_color:var(--awb-color4);--button_border_width-top:1px;--button_border_width-right:2px;--button_border_width-bottom:2px;--button_border_width-left:1px;--button-border-radius-top-left:0;--button-border-radius-top-right:0;--button-border-radius-bottom-right:0;--button-border-radius-bottom-left:0;--button_gradient_top_color:hsla(var(--awb-color4-h),var(--awb-color4-s),var(--awb-color4-l),calc(var(--awb-color4-a) - 100%));--button_gradient_bottom_color:hsla(var(--awb-color4-h),var(--awb-color4-s),var(--awb-color4-l),calc(var(--awb-color4-a) - 100%));--button_gradient_top_color_hover:hsla(var(--awb-color1-h),var(--awb-color1-s),var(--awb-color1-l),calc(var(--awb-color1-a) - 100%));--button_gradient_bottom_color_hover:hsla(var(--awb-color1-h),var(--awb-color1-s),var(--awb-color1-l),calc(var(--awb-color1-a) - 100%));--button_text_transform:var(--awb-typography5-text-transform);--button_font_size:var(--awb-typography5-font-size);--button_line_height:var(--awb-typography5-line-height);--button_typography-letter-spacing:var(--awb-typography5-letter-spacing);--button_typography-font-family:var(--awb-typography5-font-family);--button_typography-font-weight:var(--awb-typography5-font-weight);--button_typography-font-style:var(--awb-typography5-font-style);\" target=\"_self\" href=\"https:\/\/karriere.compassio.de\/magazin\/pflegeberuf-job-starte-deine-sinnvolle-karriere\/\"><span class=\"fusion-button-text awb-button__text awb-button__text--default\">Ausbildung in der Pflege,Karriere in der Pflege<\/span><\/a><\/div><div class=\"fusion-title title fusion-title-3 fusion-sep-none fusion-title-text fusion-title-size-four\" style=\"--awb-margin-top-small:10px;--awb-margin-right-small:0px;--awb-margin-bottom-small:10px;--awb-margin-left-small:0px;--awb-link-color:var(--awb-color1);--awb-link-hover-color:var(--awb-color3);\"><h4 class=\"fusion-title-heading title-heading-left\" style=\"margin:0;text-transform:capitalize;\"><a href=\"https:\/\/karriere.compassio.de\/magazin\/pflegeberuf-job-starte-deine-sinnvolle-karriere\/\" class=\"awb-custom-text-color awb-custom-text-hover-color\" target=\"_self\">Pflegeberuf Job: Starte deine sinnvolle Karriere<\/a><\/h4><\/div><\/div><\/li>\n<\/ul><\/div><\/div><\/div><\/div><\/div><\/div><\/div><\/div><div class=\"fusion-fullwidth fullwidth-box fusion-builder-row-3 fusion-flex-container has-pattern-background has-mask-background nonhundred-percent-fullwidth non-hundred-percent-height-scrolling\" style=\"--awb-border-radius-top-left:0px;--awb-border-radius-top-right:0px;--awb-border-radius-bottom-right:0px;--awb-border-radius-bottom-left:0px;--awb-margin-top:60px;--awb-background-color:#89bf48;--awb-flex-wrap:wrap;\" ><div class=\"awb-background-mask\" style=\"background-image:  url(data:image\/svg+xml;utf8,%3Csvg%20width%3D%221920%22%20height%3D%22954%22%20fill%3D%22none%22%20xmlns%3D%22http%3A%2F%2Fwww.w3.org%2F2000%2Fsvg%22%3E%3Cg%20clip-path%3D%22url%28%23prefix__clip0_58_766%29%22%20fill%3D%22rgba%2825%2C29%2C33%2C1%29%22%3E%3Cpath%20d%3D%22M1802.38%2073.292l-734.85%20424.264L1491.8%201232.4l734.84-424.262-424.26-734.846zM42.778-322.354L-169.354%2045.069l367.423%20212.132%20212.132-367.423L42.778-322.354zM649.936%20856.556l18.301-68.301%2068.302%2018.301-18.302%2068.301-68.301-18.301z%22%2F%3E%3C%2Fg%3E%3Cdefs%3E%3CclipPath%20id%3D%22prefix__clip0_58_766%22%3E%3Cpath%20fill%3D%22%23fff%22%20d%3D%22M0%200h1920v954H0z%22%2F%3E%3C%2FclipPath%3E%3C%2Fdefs%3E%3C%2Fsvg%3E);opacity: 0.2 ;transform: scale(1, -1);mix-blend-mode:normal;\"><\/div><div class=\"fusion-builder-row fusion-row fusion-flex-align-items-flex-start fusion-flex-content-wrap\" style=\"max-width:1302px;margin-left: calc(-5% \/ 2 );margin-right: calc(-5% \/ 2 );\"><div class=\"fusion-layout-column fusion_builder_column fusion-builder-column-6 fusion_builder_column_1_1 1_1 fusion-flex-column\" style=\"--awb-padding-top:80px;--awb-padding-bottom:80px;--awb-bg-size:cover;--awb-width-large:100%;--awb-flex-grow:0;--awb-flex-shrink:0;--awb-margin-top-large:0px;--awb-spacing-right-large:2.375%;--awb-margin-bottom-large:0px;--awb-spacing-left-large:2.375%;--awb-width-medium:100%;--awb-order-medium:0;--awb-flex-grow-medium:0;--awb-flex-shrink-medium:0;--awb-spacing-right-medium:2.375%;--awb-spacing-left-medium:2.375%;--awb-width-small:100%;--awb-order-small:0;--awb-flex-grow-small:0;--awb-flex-shrink-small:0;--awb-spacing-right-small:2.375%;--awb-spacing-left-small:2.375%;\"><div class=\"fusion-column-wrapper fusion-column-has-shadow fusion-flex-justify-content-flex-start fusion-content-layout-column\"><div class=\"fusion-title title fusion-title-4 fusion-title-center fusion-title-text fusion-title-size-two\" style=\"--awb-text-color:var(--awb-color1);--awb-margin-bottom:40px;--awb-margin-top-small:10px;--awb-margin-right-small:0px;--awb-margin-bottom-small:40px;--awb-margin-left-small:0px;--awb-sep-color:hsla(var(--awb-color1-h),var(--awb-color1-s),var(--awb-color1-l),calc(var(--awb-color1-a) - 75%));\"><div class=\"title-sep-container title-sep-container-left\"><div class=\"title-sep sep-single sep-solid\" style=\"border-color:hsla(var(--awb-color1-h),var(--awb-color1-s),var(--awb-color1-l),calc(var(--awb-color1-a) - 75%));\"><\/div><\/div><span class=\"awb-title-spacer\"><\/span><h2 class=\"fusion-title-heading title-heading-center\" style=\"margin:0;text-transform:capitalize;\">Beliebte Beitr\u00e4ge<\/h2><span class=\"awb-title-spacer\"><\/span><div class=\"title-sep-container title-sep-container-right\"><div class=\"title-sep sep-single sep-solid\" style=\"border-color:hsla(var(--awb-color1-h),var(--awb-color1-s),var(--awb-color1-l),calc(var(--awb-color1-a) - 75%));\"><\/div><\/div><\/div><div class=\"fusion-post-cards fusion-post-cards-4 awb-carousel awb-swiper awb-swiper-carousel awb-swiper-dots-position-bottom\" style=\"--awb-dots-align:center;--awb-columns:3;--awb-active-filter-border-size:3px;--awb-filters-height:36px;\" data-post-type-label=\"beitr\u00e4ge\" data-autoplay=\"yes\" data-autoplayspeed=\"5000\" data-autoplaypause=\"no\" data-loop=\"yes\" data-columns=\"3\" data-columnsmedium=\"2\" data-columnssmall=\"1\" data-itemmargin=\"40\" data-itemwidth=\"180\" data-touchscroll=\"no\" data-freemode=\"no\" data-imagesize=\"auto\" data-scrollitems=\"1\" data-scrollitems-medium=\"0\" data-scrollitems-small=\"0\" data-mousepointer=\"custom\" data-layout=\"carousel\" data-centeredslides=\"no\" data-shadow=\"no\" data-speed=\"500\" data-rotationangle=\"50\" data-depth=\"100\" data-cursor-color-mode=\"auto\"><div class=\"swiper-wrapper fusion-flex-align-items-flex-start\"><div class=\"fusion_builder_column fusion-builder-column-7 fusion-flex-column post-card swiper-slide\" style=\"--awb-bg-position:center center;--awb-bg-blend:overlay;--awb-bg-size:cover;--awb-flex-grow:0;--awb-flex-shrink:0;--awb-flex-grow-medium:0;--awb-flex-shrink-medium:0;--awb-flex-grow-small:0;--awb-flex-shrink-small:0;\"><div class=\"fusion-column-wrapper fusion-flex-justify-content-flex-start fusion-content-layout-column fusion-carousel-item-wrapper\"><div class=\"fusion-image-element \" style=\"--awb-aspect-ratio:4 \/ 3;--awb-caption-title-color:hsla(var(--awb-color1-h),var(--awb-color1-s),var(--awb-color1-l),calc(var(--awb-color1-a) - 100%));--awb-caption-overlay-color:hsla(var(--awb-color8-h),var(--awb-color8-s),var(--awb-color8-l),calc(var(--awb-color8-a) - 80%));--awb-caption-title-font-family:var(--h2_typography-font-family);--awb-caption-title-font-weight:var(--h2_typography-font-weight);--awb-caption-title-font-style:var(--h2_typography-font-style);--awb-caption-title-size:var(--h2_typography-font-size);--awb-caption-title-transform:var(--h2_typography-text-transform);--awb-caption-title-line-height:var(--h2_typography-line-height);--awb-caption-title-letter-spacing:var(--h2_typography-letter-spacing);\"><span class=\" fusion-imageframe imageframe-none imageframe-1 awb-imageframe-style awb-imageframe-style-schantel has-aspect-ratio\"><a class=\"fusion-no-lightbox\" href=\"https:\/\/karriere.compassio.de\/magazin\/ausbildung-pflege-starte-jetzt-deine-karriere-mit-sinn-bei-compassio\/\" target=\"_self\" aria-label=\"Zuschl\u00e4ge in der Pflege.\"><img decoding=\"async\" width=\"800\" height=\"600\" alt=\"Frau auf Bild und Einblendung mit Symbol.\" src=\"https:\/\/karriere.compassio.de\/magazin\/wp-content\/uploads\/2026\/04\/17.png\" data-orig-src=\"https:\/\/karriere.compassio.de\/magazin\/wp-content\/uploads\/2026\/04\/17.png\" class=\"lazyload img-responsive wp-image-2139 img-with-aspect-ratio\" data-parent-fit=\"cover\" data-parent-container=\".fusion-image-element\" srcset=\"data:image\/svg+xml,%3Csvg%20xmlns%3D%27http%3A%2F%2Fwww.w3.org%2F2000%2Fsvg%27%20width%3D%27800%27%20height%3D%27600%27%20viewBox%3D%270%200%20800%20600%27%3E%3Crect%20width%3D%27800%27%20height%3D%27600%27%20fill-opacity%3D%220%22%2F%3E%3C%2Fsvg%3E\" data-srcset=\"https:\/\/karriere.compassio.de\/magazin\/wp-content\/uploads\/2026\/04\/17-200x150.png 200w, https:\/\/karriere.compassio.de\/magazin\/wp-content\/uploads\/2026\/04\/17-400x300.png 400w, https:\/\/karriere.compassio.de\/magazin\/wp-content\/uploads\/2026\/04\/17-600x450.png 600w, https:\/\/karriere.compassio.de\/magazin\/wp-content\/uploads\/2026\/04\/17.png 800w\" data-sizes=\"auto\" data-orig-sizes=\"(max-width: 800px) 100vw, 800px\" \/><div class=\"awb-imageframe-caption-container\"><div class=\"awb-imageframe-caption\"><h2 class=\"awb-imageframe-caption-title\">Zuschl\u00e4ge in der Pflege.<\/h2><\/div><\/div><\/a><\/span><\/div><div class=\"fusion-builder-row fusion-builder-row-inner fusion-row fusion-flex-align-items-flex-start fusion-flex-content-wrap\" style=\"--awb-flex-grow:0;--awb-flex-grow-medium:0;--awb-flex-grow-small:0;--awb-flex-shrink:0;--awb-flex-shrink-medium:0;--awb-flex-shrink-small:0;width:105% !important;max-width:105% !important;margin-left: calc(-5% \/ 2 );margin-right: calc(-5% \/ 2 );\"><div class=\"fusion-layout-column fusion_builder_column_inner fusion-builder-nested-column-2 fusion_builder_column_inner_1_1 1_1 fusion-flex-column\" style=\"--awb-bg-size:cover;--awb-width-large:100%;--awb-margin-top-large:-48px;--awb-spacing-right-large:2.375%;--awb-margin-bottom-large:0px;--awb-spacing-left-large:2.375%;--awb-width-medium:100%;--awb-order-medium:0;--awb-spacing-right-medium:2.375%;--awb-spacing-left-medium:2.375%;--awb-width-small:100%;--awb-order-small:0;--awb-spacing-right-small:2.375%;--awb-spacing-left-small:2.375%;\"><div class=\"fusion-column-wrapper fusion-column-has-shadow fusion-flex-justify-content-flex-start fusion-content-layout-column\"><a class=\"fb-icon-element-1 fb-icon-element fontawesome-icon awb-magazine-arrow-right-solid circle-yes fusion-text-flow fusion-link\" style=\"--awb-circlecolor:var(--awb-color4);--awb-circlecolor-hover:var(--awb-color5);--awb-circlebordersize:0px;--awb-font-size:14px;--awb-width:46px;--awb-height:46px;--awb-line-height:46px;--awb-border-radius-top-l:0px;--awb-border-radius-top-r:0px;--awb-border-radius-bot-r:0px;--awb-border-radius-bot-l:0px;--awb-margin-right:7px;\" href=\"https:\/\/karriere.compassio.de\/magazin\/ausbildung-pflege-starte-jetzt-deine-karriere-mit-sinn-bei-compassio\/\" target=\"_self\" aria-label=\"Link to https:\/\/karriere.compassio.de\/magazin\/ausbildung-pflege-starte-jetzt-deine-karriere-mit-sinn-bei-compassio\/\"><\/a><\/div><\/div><\/div><div class=\"fusion-title title fusion-title-5 fusion-sep-none fusion-title-text fusion-title-size-four\" style=\"--awb-text-color:var(--awb-color1);--awb-margin-top:35px;--awb-margin-right:15px;--awb-margin-bottom:5px;--awb-margin-left:5px;--awb-margin-top-small:20px;--awb-margin-right-small:0px;--awb-margin-bottom-small:10px;--awb-margin-left-small:5px;--awb-link-color:var(--awb-color1);--awb-link-hover-color:var(--awb-color4);\"><h4 class=\"fusion-title-heading title-heading-left\" style=\"margin:0;text-transform:capitalize;\"><a href=\"https:\/\/karriere.compassio.de\/magazin\/ausbildung-pflege-starte-jetzt-deine-karriere-mit-sinn-bei-compassio\/\" class=\"awb-custom-text-color awb-custom-text-hover-color\" target=\"_self\">Ausbildung Pflege: Starte jetzt deine Karriere bei compassio<\/a><\/h4><\/div><div ><a class=\"fusion-button button-flat button-small button-custom fusion-button-default button-4 fusion-button-default-span fusion-button-default-type\" style=\"--button_accent_color:var(--awb-color1);--button_border_color:var(--awb-color4);--button_accent_hover_color:var(--awb-color1);--button_border_hover_color:var(--awb-color1);--button_gradient_top_color:var(--awb-color4);--button_gradient_bottom_color:var(--awb-color4);--button_gradient_top_color_hover:var(--awb-color5);--button_gradient_bottom_color_hover:var(--awb-color5);\" target=\"_self\" href=\"https:\/\/karriere.compassio.de\/magazin\/ausbildung-pflege-starte-jetzt-deine-karriere-mit-sinn-bei-compassio\/\"><span class=\"fusion-button-text awb-button__text awb-button__text--default\">Mehr<\/span><\/a><\/div><\/div><\/div>\n<div class=\"fusion_builder_column fusion-builder-column-8 fusion-flex-column post-card swiper-slide\" style=\"--awb-bg-position:center center;--awb-bg-blend:overlay;--awb-bg-size:cover;--awb-flex-grow:0;--awb-flex-shrink:0;--awb-flex-grow-medium:0;--awb-flex-shrink-medium:0;--awb-flex-grow-small:0;--awb-flex-shrink-small:0;\"><div class=\"fusion-column-wrapper fusion-flex-justify-content-flex-start fusion-content-layout-column fusion-carousel-item-wrapper\"><div class=\"fusion-image-element \" style=\"--awb-aspect-ratio:4 \/ 3;--awb-caption-title-color:hsla(var(--awb-color1-h),var(--awb-color1-s),var(--awb-color1-l),calc(var(--awb-color1-a) - 100%));--awb-caption-overlay-color:hsla(var(--awb-color8-h),var(--awb-color8-s),var(--awb-color8-l),calc(var(--awb-color8-a) - 80%));--awb-caption-title-font-family:var(--h2_typography-font-family);--awb-caption-title-font-weight:var(--h2_typography-font-weight);--awb-caption-title-font-style:var(--h2_typography-font-style);--awb-caption-title-size:var(--h2_typography-font-size);--awb-caption-title-transform:var(--h2_typography-text-transform);--awb-caption-title-line-height:var(--h2_typography-line-height);--awb-caption-title-letter-spacing:var(--h2_typography-letter-spacing);\"><span class=\" fusion-imageframe imageframe-none imageframe-2 awb-imageframe-style awb-imageframe-style-schantel has-aspect-ratio\"><a class=\"fusion-no-lightbox\" href=\"https:\/\/karriere.compassio.de\/magazin\/stationaere-pflege-bei-compassio-fruehdienst-vs-spaetdienst\/\" target=\"_self\" aria-label=\"Ausbildung Pflege Compassio.\"><img decoding=\"async\" width=\"800\" height=\"600\" alt=\"Frau blickt in die Kamera. Im Hintergrund Menschen die lernen.\" src=\"https:\/\/karriere.compassio.de\/magazin\/wp-content\/uploads\/2026\/04\/20.png\" data-orig-src=\"https:\/\/karriere.compassio.de\/magazin\/wp-content\/uploads\/2026\/04\/20.png\" class=\"lazyload img-responsive wp-image-2149 img-with-aspect-ratio\" data-parent-fit=\"cover\" data-parent-container=\".fusion-image-element\" srcset=\"data:image\/svg+xml,%3Csvg%20xmlns%3D%27http%3A%2F%2Fwww.w3.org%2F2000%2Fsvg%27%20width%3D%27800%27%20height%3D%27600%27%20viewBox%3D%270%200%20800%20600%27%3E%3Crect%20width%3D%27800%27%20height%3D%27600%27%20fill-opacity%3D%220%22%2F%3E%3C%2Fsvg%3E\" data-srcset=\"https:\/\/karriere.compassio.de\/magazin\/wp-content\/uploads\/2026\/04\/20-200x150.png 200w, https:\/\/karriere.compassio.de\/magazin\/wp-content\/uploads\/2026\/04\/20-400x300.png 400w, https:\/\/karriere.compassio.de\/magazin\/wp-content\/uploads\/2026\/04\/20-600x450.png 600w, https:\/\/karriere.compassio.de\/magazin\/wp-content\/uploads\/2026\/04\/20.png 800w\" data-sizes=\"auto\" data-orig-sizes=\"(max-width: 800px) 100vw, 800px\" \/><div class=\"awb-imageframe-caption-container\"><div class=\"awb-imageframe-caption\"><h2 class=\"awb-imageframe-caption-title\">Ausbildung Pflege Compassio.<\/h2><\/div><\/div><\/a><\/span><\/div><div class=\"fusion-builder-row fusion-builder-row-inner fusion-row fusion-flex-align-items-flex-start fusion-flex-content-wrap\" style=\"--awb-flex-grow:0;--awb-flex-grow-medium:0;--awb-flex-grow-small:0;--awb-flex-shrink:0;--awb-flex-shrink-medium:0;--awb-flex-shrink-small:0;width:105% !important;max-width:105% !important;margin-left: calc(-5% \/ 2 );margin-right: calc(-5% \/ 2 );\"><div class=\"fusion-layout-column fusion_builder_column_inner fusion-builder-nested-column-3 fusion_builder_column_inner_1_1 1_1 fusion-flex-column\" style=\"--awb-bg-size:cover;--awb-width-large:100%;--awb-margin-top-large:-48px;--awb-spacing-right-large:2.375%;--awb-margin-bottom-large:0px;--awb-spacing-left-large:2.375%;--awb-width-medium:100%;--awb-order-medium:0;--awb-spacing-right-medium:2.375%;--awb-spacing-left-medium:2.375%;--awb-width-small:100%;--awb-order-small:0;--awb-spacing-right-small:2.375%;--awb-spacing-left-small:2.375%;\"><div class=\"fusion-column-wrapper fusion-column-has-shadow fusion-flex-justify-content-flex-start fusion-content-layout-column\"><a class=\"fb-icon-element-2 fb-icon-element fontawesome-icon awb-magazine-arrow-right-solid circle-yes fusion-text-flow fusion-link\" style=\"--awb-circlecolor:var(--awb-color4);--awb-circlecolor-hover:var(--awb-color5);--awb-circlebordersize:0px;--awb-font-size:14px;--awb-width:46px;--awb-height:46px;--awb-line-height:46px;--awb-border-radius-top-l:0px;--awb-border-radius-top-r:0px;--awb-border-radius-bot-r:0px;--awb-border-radius-bot-l:0px;--awb-margin-right:7px;\" href=\"https:\/\/karriere.compassio.de\/magazin\/stationaere-pflege-bei-compassio-fruehdienst-vs-spaetdienst\/\" target=\"_self\" aria-label=\"Link to https:\/\/karriere.compassio.de\/magazin\/stationaere-pflege-bei-compassio-fruehdienst-vs-spaetdienst\/\"><\/a><\/div><\/div><\/div><div class=\"fusion-title title fusion-title-6 fusion-sep-none fusion-title-text fusion-title-size-four\" style=\"--awb-text-color:var(--awb-color1);--awb-margin-top:35px;--awb-margin-right:15px;--awb-margin-bottom:5px;--awb-margin-left:5px;--awb-margin-top-small:20px;--awb-margin-right-small:0px;--awb-margin-bottom-small:10px;--awb-margin-left-small:5px;--awb-link-color:var(--awb-color1);--awb-link-hover-color:var(--awb-color4);\"><h4 class=\"fusion-title-heading title-heading-left\" style=\"margin:0;text-transform:capitalize;\"><a href=\"https:\/\/karriere.compassio.de\/magazin\/stationaere-pflege-bei-compassio-fruehdienst-vs-spaetdienst\/\" class=\"awb-custom-text-color awb-custom-text-hover-color\" target=\"_self\">Station\u00e4re Pflege bei compassio: Fr\u00fchdienst vs Sp\u00e4tdienst<\/a><\/h4><\/div><div ><a class=\"fusion-button button-flat button-small button-custom fusion-button-default button-5 fusion-button-default-span fusion-button-default-type\" style=\"--button_accent_color:var(--awb-color1);--button_border_color:var(--awb-color4);--button_accent_hover_color:var(--awb-color1);--button_border_hover_color:var(--awb-color1);--button_gradient_top_color:var(--awb-color4);--button_gradient_bottom_color:var(--awb-color4);--button_gradient_top_color_hover:var(--awb-color5);--button_gradient_bottom_color_hover:var(--awb-color5);\" target=\"_self\" href=\"https:\/\/karriere.compassio.de\/magazin\/stationaere-pflege-bei-compassio-fruehdienst-vs-spaetdienst\/\"><span class=\"fusion-button-text awb-button__text awb-button__text--default\">Mehr<\/span><\/a><\/div><\/div><\/div>\n<div class=\"fusion_builder_column fusion-builder-column-9 fusion-flex-column post-card swiper-slide\" style=\"--awb-bg-position:center center;--awb-bg-blend:overlay;--awb-bg-size:cover;--awb-flex-grow:0;--awb-flex-shrink:0;--awb-flex-grow-medium:0;--awb-flex-shrink-medium:0;--awb-flex-grow-small:0;--awb-flex-shrink-small:0;\"><div class=\"fusion-column-wrapper fusion-flex-justify-content-flex-start fusion-content-layout-column fusion-carousel-item-wrapper\"><div class=\"fusion-image-element \" style=\"--awb-aspect-ratio:4 \/ 3;--awb-caption-title-color:hsla(var(--awb-color1-h),var(--awb-color1-s),var(--awb-color1-l),calc(var(--awb-color1-a) - 100%));--awb-caption-overlay-color:hsla(var(--awb-color8-h),var(--awb-color8-s),var(--awb-color8-l),calc(var(--awb-color8-a) - 80%));--awb-caption-title-font-family:var(--h2_typography-font-family);--awb-caption-title-font-weight:var(--h2_typography-font-weight);--awb-caption-title-font-style:var(--h2_typography-font-style);--awb-caption-title-size:var(--h2_typography-font-size);--awb-caption-title-transform:var(--h2_typography-text-transform);--awb-caption-title-line-height:var(--h2_typography-line-height);--awb-caption-title-letter-spacing:var(--h2_typography-letter-spacing);\"><span class=\" fusion-imageframe imageframe-none imageframe-3 awb-imageframe-style awb-imageframe-style-schantel has-aspect-ratio\"><a class=\"fusion-no-lightbox\" href=\"https:\/\/karriere.compassio.de\/magazin\/soft-skills-in-der-pflege-so-staerkst-du-dein-team\/\" target=\"_self\" aria-label=\"Spa\u00df im Pflegealltag bei Compassio\"><img decoding=\"async\" width=\"800\" height=\"600\" alt=\"Gl\u00fcckliche Menschen lachen zusammen.\" src=\"https:\/\/karriere.compassio.de\/magazin\/wp-content\/uploads\/2026\/04\/15.png\" data-orig-src=\"https:\/\/karriere.compassio.de\/magazin\/wp-content\/uploads\/2026\/04\/15.png\" class=\"lazyload img-responsive wp-image-2127 img-with-aspect-ratio\" data-parent-fit=\"cover\" data-parent-container=\".fusion-image-element\" srcset=\"data:image\/svg+xml,%3Csvg%20xmlns%3D%27http%3A%2F%2Fwww.w3.org%2F2000%2Fsvg%27%20width%3D%27800%27%20height%3D%27600%27%20viewBox%3D%270%200%20800%20600%27%3E%3Crect%20width%3D%27800%27%20height%3D%27600%27%20fill-opacity%3D%220%22%2F%3E%3C%2Fsvg%3E\" data-srcset=\"https:\/\/karriere.compassio.de\/magazin\/wp-content\/uploads\/2026\/04\/15-200x150.png 200w, https:\/\/karriere.compassio.de\/magazin\/wp-content\/uploads\/2026\/04\/15-400x300.png 400w, https:\/\/karriere.compassio.de\/magazin\/wp-content\/uploads\/2026\/04\/15-600x450.png 600w, https:\/\/karriere.compassio.de\/magazin\/wp-content\/uploads\/2026\/04\/15.png 800w\" data-sizes=\"auto\" data-orig-sizes=\"(max-width: 800px) 100vw, 800px\" \/><div class=\"awb-imageframe-caption-container\"><div class=\"awb-imageframe-caption\"><h2 class=\"awb-imageframe-caption-title\">Spa\u00df im Pflegealltag bei Compassio<\/h2><\/div><\/div><\/a><\/span><\/div><div class=\"fusion-builder-row fusion-builder-row-inner fusion-row fusion-flex-align-items-flex-start fusion-flex-content-wrap\" style=\"--awb-flex-grow:0;--awb-flex-grow-medium:0;--awb-flex-grow-small:0;--awb-flex-shrink:0;--awb-flex-shrink-medium:0;--awb-flex-shrink-small:0;width:105% !important;max-width:105% !important;margin-left: calc(-5% \/ 2 );margin-right: calc(-5% \/ 2 );\"><div class=\"fusion-layout-column fusion_builder_column_inner fusion-builder-nested-column-4 fusion_builder_column_inner_1_1 1_1 fusion-flex-column\" style=\"--awb-bg-size:cover;--awb-width-large:100%;--awb-margin-top-large:-48px;--awb-spacing-right-large:2.375%;--awb-margin-bottom-large:0px;--awb-spacing-left-large:2.375%;--awb-width-medium:100%;--awb-order-medium:0;--awb-spacing-right-medium:2.375%;--awb-spacing-left-medium:2.375%;--awb-width-small:100%;--awb-order-small:0;--awb-spacing-right-small:2.375%;--awb-spacing-left-small:2.375%;\"><div class=\"fusion-column-wrapper fusion-column-has-shadow fusion-flex-justify-content-flex-start fusion-content-layout-column\"><a class=\"fb-icon-element-3 fb-icon-element fontawesome-icon awb-magazine-arrow-right-solid circle-yes fusion-text-flow fusion-link\" style=\"--awb-circlecolor:var(--awb-color4);--awb-circlecolor-hover:var(--awb-color5);--awb-circlebordersize:0px;--awb-font-size:14px;--awb-width:46px;--awb-height:46px;--awb-line-height:46px;--awb-border-radius-top-l:0px;--awb-border-radius-top-r:0px;--awb-border-radius-bot-r:0px;--awb-border-radius-bot-l:0px;--awb-margin-right:7px;\" href=\"https:\/\/karriere.compassio.de\/magazin\/soft-skills-in-der-pflege-so-staerkst-du-dein-team\/\" target=\"_self\" aria-label=\"Link to https:\/\/karriere.compassio.de\/magazin\/soft-skills-in-der-pflege-so-staerkst-du-dein-team\/\"><\/a><\/div><\/div><\/div><div class=\"fusion-title title fusion-title-7 fusion-sep-none fusion-title-text fusion-title-size-four\" style=\"--awb-text-color:var(--awb-color1);--awb-margin-top:35px;--awb-margin-right:15px;--awb-margin-bottom:5px;--awb-margin-left:5px;--awb-margin-top-small:20px;--awb-margin-right-small:0px;--awb-margin-bottom-small:10px;--awb-margin-left-small:5px;--awb-link-color:var(--awb-color1);--awb-link-hover-color:var(--awb-color4);\"><h4 class=\"fusion-title-heading title-heading-left\" style=\"margin:0;text-transform:capitalize;\"><a href=\"https:\/\/karriere.compassio.de\/magazin\/soft-skills-in-der-pflege-so-staerkst-du-dein-team\/\" class=\"awb-custom-text-color awb-custom-text-hover-color\" target=\"_self\">Soft Skills in der Pflege: So st\u00e4rkst du dein Team<\/a><\/h4><\/div><div ><a class=\"fusion-button button-flat button-small button-custom fusion-button-default button-6 fusion-button-default-span fusion-button-default-type\" style=\"--button_accent_color:var(--awb-color1);--button_border_color:var(--awb-color4);--button_accent_hover_color:var(--awb-color1);--button_border_hover_color:var(--awb-color1);--button_gradient_top_color:var(--awb-color4);--button_gradient_bottom_color:var(--awb-color4);--button_gradient_top_color_hover:var(--awb-color5);--button_gradient_bottom_color_hover:var(--awb-color5);\" target=\"_self\" href=\"https:\/\/karriere.compassio.de\/magazin\/soft-skills-in-der-pflege-so-staerkst-du-dein-team\/\"><span class=\"fusion-button-text awb-button__text awb-button__text--default\">Mehr<\/span><\/a><\/div><\/div><\/div>\n<div class=\"fusion_builder_column fusion-builder-column-10 fusion-flex-column post-card swiper-slide\" style=\"--awb-bg-position:center center;--awb-bg-blend:overlay;--awb-bg-size:cover;--awb-flex-grow:0;--awb-flex-shrink:0;--awb-flex-grow-medium:0;--awb-flex-shrink-medium:0;--awb-flex-grow-small:0;--awb-flex-shrink-small:0;\"><div class=\"fusion-column-wrapper fusion-flex-justify-content-flex-start fusion-content-layout-column fusion-carousel-item-wrapper\"><div class=\"fusion-image-element \" style=\"--awb-aspect-ratio:4 \/ 3;--awb-caption-title-color:hsla(var(--awb-color1-h),var(--awb-color1-s),var(--awb-color1-l),calc(var(--awb-color1-a) - 100%));--awb-caption-overlay-color:hsla(var(--awb-color8-h),var(--awb-color8-s),var(--awb-color8-l),calc(var(--awb-color8-a) - 80%));--awb-caption-title-font-family:var(--h2_typography-font-family);--awb-caption-title-font-weight:var(--h2_typography-font-weight);--awb-caption-title-font-style:var(--h2_typography-font-style);--awb-caption-title-size:var(--h2_typography-font-size);--awb-caption-title-transform:var(--h2_typography-text-transform);--awb-caption-title-line-height:var(--h2_typography-line-height);--awb-caption-title-letter-spacing:var(--h2_typography-letter-spacing);\"><span class=\" fusion-imageframe imageframe-none imageframe-4 awb-imageframe-style awb-imageframe-style-schantel has-aspect-ratio\"><a class=\"fusion-no-lightbox\" href=\"https:\/\/karriere.compassio.de\/magazin\/anerkennung-internationaler-pflegeabschluesse-so-profitierst-du-als-pflegekraft\/\" target=\"_self\" aria-label=\"Symbolbild Teamarbeit.\"><img decoding=\"async\" width=\"800\" height=\"600\" alt=\"Menschen halten Puzzleteile zusammen.\" src=\"https:\/\/karriere.compassio.de\/magazin\/wp-content\/uploads\/2026\/04\/11.png\" data-orig-src=\"https:\/\/karriere.compassio.de\/magazin\/wp-content\/uploads\/2026\/04\/11.png\" class=\"lazyload img-responsive wp-image-2138 img-with-aspect-ratio\" data-parent-fit=\"cover\" data-parent-container=\".fusion-image-element\" srcset=\"data:image\/svg+xml,%3Csvg%20xmlns%3D%27http%3A%2F%2Fwww.w3.org%2F2000%2Fsvg%27%20width%3D%27800%27%20height%3D%27600%27%20viewBox%3D%270%200%20800%20600%27%3E%3Crect%20width%3D%27800%27%20height%3D%27600%27%20fill-opacity%3D%220%22%2F%3E%3C%2Fsvg%3E\" data-srcset=\"https:\/\/karriere.compassio.de\/magazin\/wp-content\/uploads\/2026\/04\/11-200x150.png 200w, https:\/\/karriere.compassio.de\/magazin\/wp-content\/uploads\/2026\/04\/11-400x300.png 400w, https:\/\/karriere.compassio.de\/magazin\/wp-content\/uploads\/2026\/04\/11-600x450.png 600w, https:\/\/karriere.compassio.de\/magazin\/wp-content\/uploads\/2026\/04\/11.png 800w\" data-sizes=\"auto\" data-orig-sizes=\"(max-width: 800px) 100vw, 800px\" \/><div class=\"awb-imageframe-caption-container\"><div class=\"awb-imageframe-caption\"><h2 class=\"awb-imageframe-caption-title\">Symbolbild Teamarbeit.<\/h2><\/div><\/div><\/a><\/span><\/div><div class=\"fusion-builder-row fusion-builder-row-inner fusion-row fusion-flex-align-items-flex-start fusion-flex-content-wrap\" style=\"--awb-flex-grow:0;--awb-flex-grow-medium:0;--awb-flex-grow-small:0;--awb-flex-shrink:0;--awb-flex-shrink-medium:0;--awb-flex-shrink-small:0;width:105% !important;max-width:105% !important;margin-left: calc(-5% \/ 2 );margin-right: calc(-5% \/ 2 );\"><div class=\"fusion-layout-column fusion_builder_column_inner fusion-builder-nested-column-5 fusion_builder_column_inner_1_1 1_1 fusion-flex-column\" style=\"--awb-bg-size:cover;--awb-width-large:100%;--awb-margin-top-large:-48px;--awb-spacing-right-large:2.375%;--awb-margin-bottom-large:0px;--awb-spacing-left-large:2.375%;--awb-width-medium:100%;--awb-order-medium:0;--awb-spacing-right-medium:2.375%;--awb-spacing-left-medium:2.375%;--awb-width-small:100%;--awb-order-small:0;--awb-spacing-right-small:2.375%;--awb-spacing-left-small:2.375%;\"><div class=\"fusion-column-wrapper fusion-column-has-shadow fusion-flex-justify-content-flex-start fusion-content-layout-column\"><a class=\"fb-icon-element-4 fb-icon-element fontawesome-icon awb-magazine-arrow-right-solid circle-yes fusion-text-flow fusion-link\" style=\"--awb-circlecolor:var(--awb-color4);--awb-circlecolor-hover:var(--awb-color5);--awb-circlebordersize:0px;--awb-font-size:14px;--awb-width:46px;--awb-height:46px;--awb-line-height:46px;--awb-border-radius-top-l:0px;--awb-border-radius-top-r:0px;--awb-border-radius-bot-r:0px;--awb-border-radius-bot-l:0px;--awb-margin-right:7px;\" href=\"https:\/\/karriere.compassio.de\/magazin\/anerkennung-internationaler-pflegeabschluesse-so-profitierst-du-als-pflegekraft\/\" target=\"_self\" aria-label=\"Link to https:\/\/karriere.compassio.de\/magazin\/anerkennung-internationaler-pflegeabschluesse-so-profitierst-du-als-pflegekraft\/\"><\/a><\/div><\/div><\/div><div class=\"fusion-title title fusion-title-8 fusion-sep-none fusion-title-text fusion-title-size-four\" style=\"--awb-text-color:var(--awb-color1);--awb-margin-top:35px;--awb-margin-right:15px;--awb-margin-bottom:5px;--awb-margin-left:5px;--awb-margin-top-small:20px;--awb-margin-right-small:0px;--awb-margin-bottom-small:10px;--awb-margin-left-small:5px;--awb-link-color:var(--awb-color1);--awb-link-hover-color:var(--awb-color4);\"><h4 class=\"fusion-title-heading title-heading-left\" style=\"margin:0;text-transform:capitalize;\"><a href=\"https:\/\/karriere.compassio.de\/magazin\/anerkennung-internationaler-pflegeabschluesse-so-profitierst-du-als-pflegekraft\/\" class=\"awb-custom-text-color awb-custom-text-hover-color\" target=\"_self\">Anerkennung internationaler Pflegeabschl\u00fcsse: So profitierst du als Pflegekraft<\/a><\/h4><\/div><div ><a class=\"fusion-button button-flat button-small button-custom fusion-button-default button-7 fusion-button-default-span fusion-button-default-type\" style=\"--button_accent_color:var(--awb-color1);--button_border_color:var(--awb-color4);--button_accent_hover_color:var(--awb-color1);--button_border_hover_color:var(--awb-color1);--button_gradient_top_color:var(--awb-color4);--button_gradient_bottom_color:var(--awb-color4);--button_gradient_top_color_hover:var(--awb-color5);--button_gradient_bottom_color_hover:var(--awb-color5);\" target=\"_self\" href=\"https:\/\/karriere.compassio.de\/magazin\/anerkennung-internationaler-pflegeabschluesse-so-profitierst-du-als-pflegekraft\/\"><span class=\"fusion-button-text awb-button__text awb-button__text--default\">Mehr<\/span><\/a><\/div><\/div><\/div>\n<\/div><\/div><\/div><\/div><\/div><\/div><div class=\"fusion-fullwidth fullwidth-box fusion-builder-row-4 fusion-flex-container has-pattern-background has-mask-background nonhundred-percent-fullwidth non-hundred-percent-height-scrolling\" style=\"--awb-border-radius-top-left:0px;--awb-border-radius-top-right:0px;--awb-border-radius-bottom-right:0px;--awb-border-radius-bottom-left:0px;--awb-margin-top:80px;--awb-margin-bottom:60px;--awb-flex-wrap:wrap;\" ><div class=\"fusion-builder-row fusion-row fusion-flex-align-items-flex-start fusion-flex-content-wrap\" style=\"max-width:1302px;margin-left: calc(-5% \/ 2 );margin-right: calc(-5% \/ 2 );\"><div class=\"fusion-layout-column fusion_builder_column fusion-builder-column-11 fusion_builder_column_2_3 2_3 fusion-flex-column\" style=\"--awb-bg-size:cover;--awb-width-large:66.666666666667%;--awb-flex-grow:0;--awb-flex-shrink:0;--awb-margin-top-large:0px;--awb-spacing-right-large:3.5625%;--awb-margin-bottom-large:0px;--awb-spacing-left-large:3.5625%;--awb-width-medium:100%;--awb-order-medium:0;--awb-flex-grow-medium:0;--awb-flex-shrink-medium:0;--awb-spacing-right-medium:2.375%;--awb-spacing-left-medium:2.375%;--awb-width-small:100%;--awb-order-small:0;--awb-flex-grow-small:0;--awb-flex-shrink-small:0;--awb-spacing-right-small:2.375%;--awb-spacing-left-small:2.375%;\"><div class=\"fusion-column-wrapper fusion-column-has-shadow fusion-flex-justify-content-flex-start fusion-content-layout-column\"><div class=\"fusion-title title fusion-title-9 fusion-title-text fusion-title-size-three\" style=\"--awb-margin-bottom:40px;--awb-margin-top-small:10px;--awb-margin-right-small:0px;--awb-margin-bottom-small:40px;--awb-margin-left-small:0px;\"><div class=\"title-sep-container title-sep-container-left fusion-no-large-visibility fusion-no-medium-visibility fusion-no-small-visibility\"><div class=\"title-sep sep-single sep-solid\" style=\"border-color:var(--awb-color3);\"><\/div><\/div><span class=\"awb-title-spacer fusion-no-large-visibility fusion-no-medium-visibility fusion-no-small-visibility\"><\/span><h3 class=\"fusion-title-heading title-heading-left\" style=\"margin:0;text-transform:capitalize;\">Neue Beitr\u00e4ge<\/h3><span class=\"awb-title-spacer\"><\/span><div class=\"title-sep-container title-sep-container-right\"><div class=\"title-sep sep-single sep-solid\" style=\"border-color:var(--awb-color3);\"><\/div><\/div><\/div><div class=\"fusion-post-cards fusion-post-cards-5 fusion-grid-archive fusion-grid-columns-1 fusion-grid-flex-grow\" style=\"--awb-column-spacing:0px;--awb-dots-align:center;--awb-columns:1;--awb-active-filter-border-size:3px;--awb-filters-height:36px;--awb-row-spacing:46px;--awb-columns-medium:100%;--awb-columns-small:100%;\" data-post-type-label=\"beitr\u00e4ge\"><ul class=\"fusion-grid fusion-grid-1 fusion-flex-align-items-flex-start fusion-grid-posts-cards\"><li class=\"fusion-layout-column fusion_builder_column fusion-builder-column-12 fusion-flex-column post-card fusion-grid-column fusion-post-cards-grid-column\" style=\"--awb-padding-bottom:40px;--awb-bg-blend:overlay;--awb-bg-size:cover;--awb-border-color:var(--awb-color2);--awb-border-bottom:1px;--awb-flex-grow:0;--awb-flex-shrink:0;--awb-flex-grow-medium:0;--awb-flex-shrink-medium:0;--awb-flex-grow-small:0;--awb-flex-shrink-small:0;\"><div class=\"fusion-column-wrapper fusion-flex-justify-content-flex-start fusion-content-layout-column\"><div class=\"fusion-builder-row fusion-builder-row-inner fusion-row fusion-flex-align-items-flex-start fusion-flex-content-wrap\" style=\"--awb-flex-grow:0;--awb-flex-grow-medium:0;--awb-flex-grow-small:0;--awb-flex-shrink:0;--awb-flex-shrink-medium:0;--awb-flex-shrink-small:0;width:105% !important;max-width:105% !important;margin-left: calc(-5% \/ 2 );margin-right: calc(-5% \/ 2 );\"><div class=\"fusion-layout-column fusion_builder_column_inner fusion-builder-nested-column-6 fusion_builder_column_inner_2_5 2_5 fusion-flex-column fusion-flex-align-self-stretch\" style=\"--awb-bg-size:cover;--awb-width-large:40%;--awb-margin-top-large:0px;--awb-spacing-right-large:5.9375%;--awb-margin-bottom-large:0px;--awb-spacing-left-large:5.9375%;--awb-width-medium:100%;--awb-order-medium:0;--awb-spacing-right-medium:2.375%;--awb-spacing-left-medium:2.375%;--awb-width-small:100%;--awb-order-small:0;--awb-spacing-right-small:2.375%;--awb-spacing-left-small:2.375%;\"><div class=\"fusion-column-wrapper fusion-column-has-shadow fusion-flex-justify-content-flex-start fusion-content-layout-column\"><div class=\"fusion-image-element \" style=\"--awb-aspect-ratio: 100 \/ 90;--awb-caption-title-color:hsla(var(--awb-color1-h),var(--awb-color1-s),var(--awb-color1-l),calc(var(--awb-color1-a) - 100%));--awb-caption-text-color:hsla(var(--awb-color1-h),var(--awb-color1-s),var(--awb-color1-l),calc(var(--awb-color1-a) - 100%));--awb-caption-title-font-family:var(--h2_typography-font-family);--awb-caption-title-font-weight:var(--h2_typography-font-weight);--awb-caption-title-font-style:var(--h2_typography-font-style);--awb-caption-title-size:var(--h2_typography-font-size);--awb-caption-title-transform:var(--h2_typography-text-transform);--awb-caption-title-line-height:var(--h2_typography-line-height);--awb-caption-title-letter-spacing:var(--h2_typography-letter-spacing);\"><span class=\" fusion-imageframe imageframe-none imageframe-5 hover-type-none has-aspect-ratio\"><a class=\"fusion-no-lightbox\" href=\"https:\/\/karriere.compassio.de\/magazin\/zuschlaege-in-der-pflege-so-profitierst-du-fair\/\" target=\"_self\" aria-label=\"Symbolbild Benefits (1)\"><img decoding=\"async\" width=\"2560\" height=\"1429\" alt=\"Gefaltete H\u00e4nde und Grafiken.\" src=\"https:\/\/karriere.compassio.de\/magazin\/wp-content\/uploads\/2026\/04\/Gemini_Generated_Image_iwh2bjiwh2bjiwh2-1-scaled.png\" data-orig-src=\"https:\/\/karriere.compassio.de\/magazin\/wp-content\/uploads\/2026\/04\/Gemini_Generated_Image_iwh2bjiwh2bjiwh2-1-scaled.png\" class=\"lazyload img-responsive wp-image-2144 img-with-aspect-ratio\" data-parent-fit=\"cover\" data-parent-container=\".fusion-image-element\" srcset=\"data:image\/svg+xml,%3Csvg%20xmlns%3D%27http%3A%2F%2Fwww.w3.org%2F2000%2Fsvg%27%20width%3D%272560%27%20height%3D%271429%27%20viewBox%3D%270%200%202560%201429%27%3E%3Crect%20width%3D%272560%27%20height%3D%271429%27%20fill-opacity%3D%220%22%2F%3E%3C%2Fsvg%3E\" data-srcset=\"https:\/\/karriere.compassio.de\/magazin\/wp-content\/uploads\/2026\/04\/Gemini_Generated_Image_iwh2bjiwh2bjiwh2-1-200x112.png 200w, https:\/\/karriere.compassio.de\/magazin\/wp-content\/uploads\/2026\/04\/Gemini_Generated_Image_iwh2bjiwh2bjiwh2-1-400x223.png 400w, https:\/\/karriere.compassio.de\/magazin\/wp-content\/uploads\/2026\/04\/Gemini_Generated_Image_iwh2bjiwh2bjiwh2-1-600x335.png 600w, https:\/\/karriere.compassio.de\/magazin\/wp-content\/uploads\/2026\/04\/Gemini_Generated_Image_iwh2bjiwh2bjiwh2-1-800x447.png 800w, https:\/\/karriere.compassio.de\/magazin\/wp-content\/uploads\/2026\/04\/Gemini_Generated_Image_iwh2bjiwh2bjiwh2-1-1200x670.png 1200w, https:\/\/karriere.compassio.de\/magazin\/wp-content\/uploads\/2026\/04\/Gemini_Generated_Image_iwh2bjiwh2bjiwh2-1-scaled.png 2560w\" data-sizes=\"auto\" data-orig-sizes=\"(max-width: 800px) 100vw, 600px\" \/><\/a><\/span><\/div><\/div><\/div><div class=\"fusion-layout-column fusion_builder_column_inner fusion-builder-nested-column-7 fusion_builder_column_inner_3_5 3_5 fusion-flex-column\" style=\"--awb-padding-left:10px;--awb-padding-top-medium:10px;--awb-padding-right-medium:20px;--awb-padding-left-medium:20px;--awb-padding-top-small:20px;--awb-bg-size:cover;--awb-width-large:60%;--awb-margin-top-large:0px;--awb-spacing-right-large:3.9583333333333%;--awb-margin-bottom-large:0px;--awb-spacing-left-large:3.9583333333333%;--awb-width-medium:100%;--awb-order-medium:0;--awb-spacing-right-medium:2.375%;--awb-spacing-left-medium:2.375%;--awb-width-small:100%;--awb-order-small:0;--awb-spacing-right-small:2.375%;--awb-spacing-left-small:2.375%;\"><div class=\"fusion-column-wrapper fusion-column-has-shadow fusion-flex-justify-content-flex-start fusion-content-layout-column\"><div ><a class=\"fusion-button button-flat fusion-button-default-size button-custom fusion-button-default button-8 fusion-button-default-span fusion-button-default-type\" style=\"--awb-margin-top:10px;--awb-margin-bottom:10px;--awb-padding-top:0px;--awb-padding-right:15px;--awb-padding-bottom:5px;--awb-padding-left:5px;--button_accent_color:var(--awb-color4);--button_border_color:var(--awb-color4);--button_accent_hover_color:var(--awb-color5);--button_border_hover_color:var(--awb-color4);--button_border_width-top:1px;--button_border_width-right:2px;--button_border_width-bottom:2px;--button_border_width-left:1px;--button-border-radius-top-left:0;--button-border-radius-top-right:0;--button-border-radius-bottom-right:0;--button-border-radius-bottom-left:0;--button_gradient_top_color:hsla(var(--awb-color4-h),var(--awb-color4-s),var(--awb-color4-l),calc(var(--awb-color4-a) - 100%));--button_gradient_bottom_color:hsla(var(--awb-color4-h),var(--awb-color4-s),var(--awb-color4-l),calc(var(--awb-color4-a) - 100%));--button_gradient_top_color_hover:hsla(var(--awb-color1-h),var(--awb-color1-s),var(--awb-color1-l),calc(var(--awb-color1-a) - 100%));--button_gradient_bottom_color_hover:hsla(var(--awb-color1-h),var(--awb-color1-s),var(--awb-color1-l),calc(var(--awb-color1-a) - 100%));--button_text_transform:var(--awb-typography5-text-transform);--button_font_size:var(--awb-typography5-font-size);--button_line_height:var(--awb-typography5-line-height);--button_typography-letter-spacing:var(--awb-typography5-letter-spacing);--button_typography-font-family:var(--awb-typography5-font-family);--button_typography-font-weight:var(--awb-typography5-font-weight);--button_typography-font-style:var(--awb-typography5-font-style);\" target=\"_self\" href=\"https:\/\/karriere.compassio.de\/magazin\/zuschlaege-in-der-pflege-so-profitierst-du-fair\/\"><span class=\"fusion-button-text awb-button__text awb-button__text--default\">Arbeit &amp; Leben in der Pflege<\/span><\/a><\/div><div class=\"fusion-title title fusion-title-10 fusion-sep-none fusion-title-text fusion-title-size-four\" style=\"--awb-margin-top-small:10px;--awb-margin-right-small:0px;--awb-margin-bottom-small:10px;--awb-margin-left-small:0px;--awb-link-color:var(--awb-color8);--awb-link-hover-color:var(--awb-color4);\"><h4 class=\"fusion-title-heading title-heading-left\" style=\"margin:0;text-transform:capitalize;\"><a href=\"https:\/\/karriere.compassio.de\/magazin\/zuschlaege-in-der-pflege-so-profitierst-du-fair\/\" class=\"awb-custom-text-color awb-custom-text-hover-color\" target=\"_self\">Zuschl\u00e4ge in der Pflege: So profitierst du fair<\/a><\/h4><\/div><div class=\"fusion-text fusion-text-1 fusion-text-no-margin\" style=\"--awb-margin-top:5px;--awb-margin-bottom:5px;\"><p>In diesem Beitrag geben wir dir einen praxisnahen \u00dcberblick, erkl\u00e4ren die wichtigsten Zuschlagsarten, zeigen die Unterschiede zwischen Vollzeit und Teilzeit und blicken gemeinsam darauf, wie du deine Arbeitszeit so gestalten kannst, dass sie zu deinem Leben passt.<\/p>\n<\/div><div ><a class=\"fusion-button button-flat button-small button-custom fusion-button-default button-9 fusion-button-default-span fusion-button-default-type fusion-has-button-gradient\" style=\"--button_accent_color:var(--awb-color1);--button_border_color:var(--awb-color4);--button_accent_hover_color:var(--awb-color4);--button_border_hover_color:var(--awb-color5);--button_gradient_top_color:var(--awb-color4);--button_gradient_bottom_color:#993366;--button_gradient_top_color_hover:hsla(var(--awb-color5-h),var(--awb-color5-s),var(--awb-color5-l),calc(var(--awb-color5-a) - 100%));--button_gradient_bottom_color_hover:hsla(var(--awb-color5-h),var(--awb-color5-s),var(--awb-color5-l),calc(var(--awb-color5-a) - 100%));\" target=\"_self\" href=\"https:\/\/karriere.compassio.de\/magazin\/zuschlaege-in-der-pflege-so-profitierst-du-fair\/\"><i class=\"fa-angle-right fas awb-button__icon awb-button__icon--default button-icon-left\" aria-hidden=\"true\"><\/i><span class=\"fusion-button-text awb-button__text awb-button__text--default\">Mehr<\/span><\/a><\/div><\/div><\/div><\/div><\/div><\/li>\n<li class=\"fusion-layout-column fusion_builder_column fusion-builder-column-13 fusion-flex-column post-card fusion-grid-column fusion-post-cards-grid-column\" style=\"--awb-padding-bottom:40px;--awb-bg-blend:overlay;--awb-bg-size:cover;--awb-border-color:var(--awb-color2);--awb-border-bottom:1px;--awb-flex-grow:0;--awb-flex-shrink:0;--awb-flex-grow-medium:0;--awb-flex-shrink-medium:0;--awb-flex-grow-small:0;--awb-flex-shrink-small:0;\"><div class=\"fusion-column-wrapper fusion-flex-justify-content-flex-start fusion-content-layout-column\"><div class=\"fusion-builder-row fusion-builder-row-inner fusion-row fusion-flex-align-items-flex-start fusion-flex-content-wrap\" style=\"--awb-flex-grow:0;--awb-flex-grow-medium:0;--awb-flex-grow-small:0;--awb-flex-shrink:0;--awb-flex-shrink-medium:0;--awb-flex-shrink-small:0;width:105% !important;max-width:105% !important;margin-left: calc(-5% \/ 2 );margin-right: calc(-5% \/ 2 );\"><div class=\"fusion-layout-column fusion_builder_column_inner fusion-builder-nested-column-8 fusion_builder_column_inner_2_5 2_5 fusion-flex-column fusion-flex-align-self-stretch\" style=\"--awb-bg-size:cover;--awb-width-large:40%;--awb-margin-top-large:0px;--awb-spacing-right-large:5.9375%;--awb-margin-bottom-large:0px;--awb-spacing-left-large:5.9375%;--awb-width-medium:100%;--awb-order-medium:0;--awb-spacing-right-medium:2.375%;--awb-spacing-left-medium:2.375%;--awb-width-small:100%;--awb-order-small:0;--awb-spacing-right-small:2.375%;--awb-spacing-left-small:2.375%;\"><div class=\"fusion-column-wrapper fusion-column-has-shadow fusion-flex-justify-content-flex-start fusion-content-layout-column\"><div class=\"fusion-image-element \" style=\"--awb-aspect-ratio: 100 \/ 90;--awb-caption-title-color:hsla(var(--awb-color1-h),var(--awb-color1-s),var(--awb-color1-l),calc(var(--awb-color1-a) - 100%));--awb-caption-text-color:hsla(var(--awb-color1-h),var(--awb-color1-s),var(--awb-color1-l),calc(var(--awb-color1-a) - 100%));--awb-caption-title-font-family:var(--h2_typography-font-family);--awb-caption-title-font-weight:var(--h2_typography-font-weight);--awb-caption-title-font-style:var(--h2_typography-font-style);--awb-caption-title-size:var(--h2_typography-font-size);--awb-caption-title-transform:var(--h2_typography-text-transform);--awb-caption-title-line-height:var(--h2_typography-line-height);--awb-caption-title-letter-spacing:var(--h2_typography-letter-spacing);\"><span class=\" fusion-imageframe imageframe-none imageframe-6 hover-type-none has-aspect-ratio\"><a class=\"fusion-no-lightbox\" href=\"https:\/\/karriere.compassio.de\/magazin\/soft-skills-in-der-pflege-so-staerkst-du-dein-team\/\" target=\"_self\" aria-label=\"Spa\u00df im Pflegealltag bei Compassio\"><img decoding=\"async\" width=\"800\" height=\"600\" alt=\"Gl\u00fcckliche Menschen lachen zusammen.\" src=\"https:\/\/karriere.compassio.de\/magazin\/wp-content\/uploads\/2026\/04\/15.png\" data-orig-src=\"https:\/\/karriere.compassio.de\/magazin\/wp-content\/uploads\/2026\/04\/15.png\" class=\"lazyload img-responsive wp-image-2127 img-with-aspect-ratio\" data-parent-fit=\"cover\" data-parent-container=\".fusion-image-element\" srcset=\"data:image\/svg+xml,%3Csvg%20xmlns%3D%27http%3A%2F%2Fwww.w3.org%2F2000%2Fsvg%27%20width%3D%27800%27%20height%3D%27600%27%20viewBox%3D%270%200%20800%20600%27%3E%3Crect%20width%3D%27800%27%20height%3D%27600%27%20fill-opacity%3D%220%22%2F%3E%3C%2Fsvg%3E\" data-srcset=\"https:\/\/karriere.compassio.de\/magazin\/wp-content\/uploads\/2026\/04\/15-200x150.png 200w, https:\/\/karriere.compassio.de\/magazin\/wp-content\/uploads\/2026\/04\/15-400x300.png 400w, https:\/\/karriere.compassio.de\/magazin\/wp-content\/uploads\/2026\/04\/15-600x450.png 600w, https:\/\/karriere.compassio.de\/magazin\/wp-content\/uploads\/2026\/04\/15.png 800w\" data-sizes=\"auto\" data-orig-sizes=\"(max-width: 800px) 100vw, 600px\" \/><\/a><\/span><\/div><\/div><\/div><div class=\"fusion-layout-column fusion_builder_column_inner fusion-builder-nested-column-9 fusion_builder_column_inner_3_5 3_5 fusion-flex-column\" style=\"--awb-padding-left:10px;--awb-padding-top-medium:10px;--awb-padding-right-medium:20px;--awb-padding-left-medium:20px;--awb-padding-top-small:20px;--awb-bg-size:cover;--awb-width-large:60%;--awb-margin-top-large:0px;--awb-spacing-right-large:3.9583333333333%;--awb-margin-bottom-large:0px;--awb-spacing-left-large:3.9583333333333%;--awb-width-medium:100%;--awb-order-medium:0;--awb-spacing-right-medium:2.375%;--awb-spacing-left-medium:2.375%;--awb-width-small:100%;--awb-order-small:0;--awb-spacing-right-small:2.375%;--awb-spacing-left-small:2.375%;\"><div class=\"fusion-column-wrapper fusion-column-has-shadow fusion-flex-justify-content-flex-start fusion-content-layout-column\"><div ><a class=\"fusion-button button-flat fusion-button-default-size button-custom fusion-button-default button-10 fusion-button-default-span fusion-button-default-type\" style=\"--awb-margin-top:10px;--awb-margin-bottom:10px;--awb-padding-top:0px;--awb-padding-right:15px;--awb-padding-bottom:5px;--awb-padding-left:5px;--button_accent_color:var(--awb-color4);--button_border_color:var(--awb-color4);--button_accent_hover_color:var(--awb-color5);--button_border_hover_color:var(--awb-color4);--button_border_width-top:1px;--button_border_width-right:2px;--button_border_width-bottom:2px;--button_border_width-left:1px;--button-border-radius-top-left:0;--button-border-radius-top-right:0;--button-border-radius-bottom-right:0;--button-border-radius-bottom-left:0;--button_gradient_top_color:hsla(var(--awb-color4-h),var(--awb-color4-s),var(--awb-color4-l),calc(var(--awb-color4-a) - 100%));--button_gradient_bottom_color:hsla(var(--awb-color4-h),var(--awb-color4-s),var(--awb-color4-l),calc(var(--awb-color4-a) - 100%));--button_gradient_top_color_hover:hsla(var(--awb-color1-h),var(--awb-color1-s),var(--awb-color1-l),calc(var(--awb-color1-a) - 100%));--button_gradient_bottom_color_hover:hsla(var(--awb-color1-h),var(--awb-color1-s),var(--awb-color1-l),calc(var(--awb-color1-a) - 100%));--button_text_transform:var(--awb-typography5-text-transform);--button_font_size:var(--awb-typography5-font-size);--button_line_height:var(--awb-typography5-line-height);--button_typography-letter-spacing:var(--awb-typography5-letter-spacing);--button_typography-font-family:var(--awb-typography5-font-family);--button_typography-font-weight:var(--awb-typography5-font-weight);--button_typography-font-style:var(--awb-typography5-font-style);\" target=\"_self\" href=\"https:\/\/karriere.compassio.de\/magazin\/soft-skills-in-der-pflege-so-staerkst-du-dein-team\/\"><span class=\"fusion-button-text awb-button__text awb-button__text--default\">Arbeit &amp; Leben in der Pflege<\/span><\/a><\/div><div class=\"fusion-title title fusion-title-11 fusion-sep-none fusion-title-text fusion-title-size-four\" style=\"--awb-margin-top-small:10px;--awb-margin-right-small:0px;--awb-margin-bottom-small:10px;--awb-margin-left-small:0px;--awb-link-color:var(--awb-color8);--awb-link-hover-color:var(--awb-color4);\"><h4 class=\"fusion-title-heading title-heading-left\" style=\"margin:0;text-transform:capitalize;\"><a href=\"https:\/\/karriere.compassio.de\/magazin\/soft-skills-in-der-pflege-so-staerkst-du-dein-team\/\" class=\"awb-custom-text-color awb-custom-text-hover-color\" target=\"_self\">Soft Skills in der Pflege: So st\u00e4rkst du dein Team<\/a><\/h4><\/div><div class=\"fusion-text fusion-text-2 fusion-text-no-margin\" style=\"--awb-margin-top:5px;--awb-margin-bottom:5px;\"><p>In diesem Beitrag zeigen wir dir, welche Soft Skills in der Pflege wirklich z\u00e4hlen, wie du sie gezielt entwickelst und warum du damit bei compassio sehr viel bewegen kannst.<\/p>\n<\/div><div ><a class=\"fusion-button button-flat button-small button-custom fusion-button-default button-11 fusion-button-default-span fusion-button-default-type fusion-has-button-gradient\" style=\"--button_accent_color:var(--awb-color1);--button_border_color:var(--awb-color4);--button_accent_hover_color:var(--awb-color4);--button_border_hover_color:var(--awb-color5);--button_gradient_top_color:var(--awb-color4);--button_gradient_bottom_color:#993366;--button_gradient_top_color_hover:hsla(var(--awb-color5-h),var(--awb-color5-s),var(--awb-color5-l),calc(var(--awb-color5-a) - 100%));--button_gradient_bottom_color_hover:hsla(var(--awb-color5-h),var(--awb-color5-s),var(--awb-color5-l),calc(var(--awb-color5-a) - 100%));\" target=\"_self\" href=\"https:\/\/karriere.compassio.de\/magazin\/soft-skills-in-der-pflege-so-staerkst-du-dein-team\/\"><i class=\"fa-angle-right fas awb-button__icon awb-button__icon--default button-icon-left\" aria-hidden=\"true\"><\/i><span class=\"fusion-button-text awb-button__text awb-button__text--default\">Mehr<\/span><\/a><\/div><\/div><\/div><\/div><\/div><\/li>\n<li class=\"fusion-layout-column fusion_builder_column fusion-builder-column-14 fusion-flex-column post-card fusion-grid-column fusion-post-cards-grid-column\" style=\"--awb-padding-bottom:40px;--awb-bg-blend:overlay;--awb-bg-size:cover;--awb-border-color:var(--awb-color2);--awb-border-bottom:1px;--awb-flex-grow:0;--awb-flex-shrink:0;--awb-flex-grow-medium:0;--awb-flex-shrink-medium:0;--awb-flex-grow-small:0;--awb-flex-shrink-small:0;\"><div class=\"fusion-column-wrapper fusion-flex-justify-content-flex-start fusion-content-layout-column\"><div class=\"fusion-builder-row fusion-builder-row-inner fusion-row fusion-flex-align-items-flex-start fusion-flex-content-wrap\" style=\"--awb-flex-grow:0;--awb-flex-grow-medium:0;--awb-flex-grow-small:0;--awb-flex-shrink:0;--awb-flex-shrink-medium:0;--awb-flex-shrink-small:0;width:105% !important;max-width:105% !important;margin-left: calc(-5% \/ 2 );margin-right: calc(-5% \/ 2 );\"><div class=\"fusion-layout-column fusion_builder_column_inner fusion-builder-nested-column-10 fusion_builder_column_inner_2_5 2_5 fusion-flex-column fusion-flex-align-self-stretch\" style=\"--awb-bg-size:cover;--awb-width-large:40%;--awb-margin-top-large:0px;--awb-spacing-right-large:5.9375%;--awb-margin-bottom-large:0px;--awb-spacing-left-large:5.9375%;--awb-width-medium:100%;--awb-order-medium:0;--awb-spacing-right-medium:2.375%;--awb-spacing-left-medium:2.375%;--awb-width-small:100%;--awb-order-small:0;--awb-spacing-right-small:2.375%;--awb-spacing-left-small:2.375%;\"><div class=\"fusion-column-wrapper fusion-column-has-shadow fusion-flex-justify-content-flex-start fusion-content-layout-column\"><div class=\"fusion-image-element \" style=\"--awb-aspect-ratio: 100 \/ 90;--awb-caption-title-color:hsla(var(--awb-color1-h),var(--awb-color1-s),var(--awb-color1-l),calc(var(--awb-color1-a) - 100%));--awb-caption-text-color:hsla(var(--awb-color1-h),var(--awb-color1-s),var(--awb-color1-l),calc(var(--awb-color1-a) - 100%));--awb-caption-title-font-family:var(--h2_typography-font-family);--awb-caption-title-font-weight:var(--h2_typography-font-weight);--awb-caption-title-font-style:var(--h2_typography-font-style);--awb-caption-title-size:var(--h2_typography-font-size);--awb-caption-title-transform:var(--h2_typography-text-transform);--awb-caption-title-line-height:var(--h2_typography-line-height);--awb-caption-title-letter-spacing:var(--h2_typography-letter-spacing);\"><span class=\" fusion-imageframe imageframe-none imageframe-7 hover-type-none has-aspect-ratio\"><a class=\"fusion-no-lightbox\" href=\"https:\/\/karriere.compassio.de\/magazin\/stress-in-der-pflege-so-schuetzt-du-dich-im-alltag\/\" target=\"_self\" aria-label=\"Ausbildung Pflege Compassio.\"><img decoding=\"async\" width=\"800\" height=\"600\" alt=\"Frau blickt in die Kamera. Im Hintergrund Menschen die lernen.\" src=\"https:\/\/karriere.compassio.de\/magazin\/wp-content\/uploads\/2026\/04\/20.png\" data-orig-src=\"https:\/\/karriere.compassio.de\/magazin\/wp-content\/uploads\/2026\/04\/20.png\" class=\"lazyload img-responsive wp-image-2149 img-with-aspect-ratio\" data-parent-fit=\"cover\" data-parent-container=\".fusion-image-element\" srcset=\"data:image\/svg+xml,%3Csvg%20xmlns%3D%27http%3A%2F%2Fwww.w3.org%2F2000%2Fsvg%27%20width%3D%27800%27%20height%3D%27600%27%20viewBox%3D%270%200%20800%20600%27%3E%3Crect%20width%3D%27800%27%20height%3D%27600%27%20fill-opacity%3D%220%22%2F%3E%3C%2Fsvg%3E\" data-srcset=\"https:\/\/karriere.compassio.de\/magazin\/wp-content\/uploads\/2026\/04\/20-200x150.png 200w, https:\/\/karriere.compassio.de\/magazin\/wp-content\/uploads\/2026\/04\/20-400x300.png 400w, https:\/\/karriere.compassio.de\/magazin\/wp-content\/uploads\/2026\/04\/20-600x450.png 600w, https:\/\/karriere.compassio.de\/magazin\/wp-content\/uploads\/2026\/04\/20.png 800w\" data-sizes=\"auto\" data-orig-sizes=\"(max-width: 800px) 100vw, 600px\" \/><\/a><\/span><\/div><\/div><\/div><div class=\"fusion-layout-column fusion_builder_column_inner fusion-builder-nested-column-11 fusion_builder_column_inner_3_5 3_5 fusion-flex-column\" style=\"--awb-padding-left:10px;--awb-padding-top-medium:10px;--awb-padding-right-medium:20px;--awb-padding-left-medium:20px;--awb-padding-top-small:20px;--awb-bg-size:cover;--awb-width-large:60%;--awb-margin-top-large:0px;--awb-spacing-right-large:3.9583333333333%;--awb-margin-bottom-large:0px;--awb-spacing-left-large:3.9583333333333%;--awb-width-medium:100%;--awb-order-medium:0;--awb-spacing-right-medium:2.375%;--awb-spacing-left-medium:2.375%;--awb-width-small:100%;--awb-order-small:0;--awb-spacing-right-small:2.375%;--awb-spacing-left-small:2.375%;\"><div class=\"fusion-column-wrapper fusion-column-has-shadow fusion-flex-justify-content-flex-start fusion-content-layout-column\"><div ><a class=\"fusion-button button-flat fusion-button-default-size button-custom fusion-button-default button-12 fusion-button-default-span fusion-button-default-type\" style=\"--awb-margin-top:10px;--awb-margin-bottom:10px;--awb-padding-top:0px;--awb-padding-right:15px;--awb-padding-bottom:5px;--awb-padding-left:5px;--button_accent_color:var(--awb-color4);--button_border_color:var(--awb-color4);--button_accent_hover_color:var(--awb-color5);--button_border_hover_color:var(--awb-color4);--button_border_width-top:1px;--button_border_width-right:2px;--button_border_width-bottom:2px;--button_border_width-left:1px;--button-border-radius-top-left:0;--button-border-radius-top-right:0;--button-border-radius-bottom-right:0;--button-border-radius-bottom-left:0;--button_gradient_top_color:hsla(var(--awb-color4-h),var(--awb-color4-s),var(--awb-color4-l),calc(var(--awb-color4-a) - 100%));--button_gradient_bottom_color:hsla(var(--awb-color4-h),var(--awb-color4-s),var(--awb-color4-l),calc(var(--awb-color4-a) - 100%));--button_gradient_top_color_hover:hsla(var(--awb-color1-h),var(--awb-color1-s),var(--awb-color1-l),calc(var(--awb-color1-a) - 100%));--button_gradient_bottom_color_hover:hsla(var(--awb-color1-h),var(--awb-color1-s),var(--awb-color1-l),calc(var(--awb-color1-a) - 100%));--button_text_transform:var(--awb-typography5-text-transform);--button_font_size:var(--awb-typography5-font-size);--button_line_height:var(--awb-typography5-line-height);--button_typography-letter-spacing:var(--awb-typography5-letter-spacing);--button_typography-font-family:var(--awb-typography5-font-family);--button_typography-font-weight:var(--awb-typography5-font-weight);--button_typography-font-style:var(--awb-typography5-font-style);\" target=\"_self\" href=\"https:\/\/karriere.compassio.de\/magazin\/stress-in-der-pflege-so-schuetzt-du-dich-im-alltag\/\"><span class=\"fusion-button-text awb-button__text awb-button__text--default\">Arbeit &amp; Leben in der Pflege<\/span><\/a><\/div><div class=\"fusion-title title fusion-title-12 fusion-sep-none fusion-title-text fusion-title-size-four\" style=\"--awb-margin-top-small:10px;--awb-margin-right-small:0px;--awb-margin-bottom-small:10px;--awb-margin-left-small:0px;--awb-link-color:var(--awb-color8);--awb-link-hover-color:var(--awb-color4);\"><h4 class=\"fusion-title-heading title-heading-left\" style=\"margin:0;text-transform:capitalize;\"><a href=\"https:\/\/karriere.compassio.de\/magazin\/stress-in-der-pflege-so-schuetzt-du-dich-im-alltag\/\" class=\"awb-custom-text-color awb-custom-text-hover-color\" target=\"_self\">Stress in der Pflege: So sch\u00fctzt du dich im Alltag<\/a><\/h4><\/div><div class=\"fusion-text fusion-text-3 fusion-text-no-margin\" style=\"--awb-margin-top:5px;--awb-margin-bottom:5px;\"><p>In diesem Beitrag zeigen wir dir, wie Stress in der Pflege entsteht, was Studien dazu sagen und wie wir bei compassio gemeinsam mit dir gegensteuern.<\/p>\n<\/div><div ><a class=\"fusion-button button-flat button-small button-custom fusion-button-default button-13 fusion-button-default-span fusion-button-default-type fusion-has-button-gradient\" style=\"--button_accent_color:var(--awb-color1);--button_border_color:var(--awb-color4);--button_accent_hover_color:var(--awb-color4);--button_border_hover_color:var(--awb-color5);--button_gradient_top_color:var(--awb-color4);--button_gradient_bottom_color:#993366;--button_gradient_top_color_hover:hsla(var(--awb-color5-h),var(--awb-color5-s),var(--awb-color5-l),calc(var(--awb-color5-a) - 100%));--button_gradient_bottom_color_hover:hsla(var(--awb-color5-h),var(--awb-color5-s),var(--awb-color5-l),calc(var(--awb-color5-a) - 100%));\" target=\"_self\" href=\"https:\/\/karriere.compassio.de\/magazin\/stress-in-der-pflege-so-schuetzt-du-dich-im-alltag\/\"><i class=\"fa-angle-right fas awb-button__icon awb-button__icon--default button-icon-left\" aria-hidden=\"true\"><\/i><span class=\"fusion-button-text awb-button__text awb-button__text--default\">Mehr<\/span><\/a><\/div><\/div><\/div><\/div><\/div><\/li>\n<li class=\"fusion-layout-column fusion_builder_column fusion-builder-column-15 fusion-flex-column post-card fusion-grid-column fusion-post-cards-grid-column\" style=\"--awb-padding-bottom:40px;--awb-bg-blend:overlay;--awb-bg-size:cover;--awb-border-color:var(--awb-color2);--awb-border-bottom:1px;--awb-flex-grow:0;--awb-flex-shrink:0;--awb-flex-grow-medium:0;--awb-flex-shrink-medium:0;--awb-flex-grow-small:0;--awb-flex-shrink-small:0;\"><div class=\"fusion-column-wrapper fusion-flex-justify-content-flex-start fusion-content-layout-column\"><div class=\"fusion-builder-row fusion-builder-row-inner fusion-row fusion-flex-align-items-flex-start fusion-flex-content-wrap\" style=\"--awb-flex-grow:0;--awb-flex-grow-medium:0;--awb-flex-grow-small:0;--awb-flex-shrink:0;--awb-flex-shrink-medium:0;--awb-flex-shrink-small:0;width:105% !important;max-width:105% !important;margin-left: calc(-5% \/ 2 );margin-right: calc(-5% \/ 2 );\"><div class=\"fusion-layout-column fusion_builder_column_inner fusion-builder-nested-column-12 fusion_builder_column_inner_2_5 2_5 fusion-flex-column fusion-flex-align-self-stretch\" style=\"--awb-bg-size:cover;--awb-width-large:40%;--awb-margin-top-large:0px;--awb-spacing-right-large:5.9375%;--awb-margin-bottom-large:0px;--awb-spacing-left-large:5.9375%;--awb-width-medium:100%;--awb-order-medium:0;--awb-spacing-right-medium:2.375%;--awb-spacing-left-medium:2.375%;--awb-width-small:100%;--awb-order-small:0;--awb-spacing-right-small:2.375%;--awb-spacing-left-small:2.375%;\"><div class=\"fusion-column-wrapper fusion-column-has-shadow fusion-flex-justify-content-flex-start fusion-content-layout-column\"><div class=\"fusion-image-element \" style=\"--awb-aspect-ratio: 100 \/ 90;--awb-caption-title-color:hsla(var(--awb-color1-h),var(--awb-color1-s),var(--awb-color1-l),calc(var(--awb-color1-a) - 100%));--awb-caption-text-color:hsla(var(--awb-color1-h),var(--awb-color1-s),var(--awb-color1-l),calc(var(--awb-color1-a) - 100%));--awb-caption-title-font-family:var(--h2_typography-font-family);--awb-caption-title-font-weight:var(--h2_typography-font-weight);--awb-caption-title-font-style:var(--h2_typography-font-style);--awb-caption-title-size:var(--h2_typography-font-size);--awb-caption-title-transform:var(--h2_typography-text-transform);--awb-caption-title-line-height:var(--h2_typography-line-height);--awb-caption-title-letter-spacing:var(--h2_typography-letter-spacing);\"><span class=\" fusion-imageframe imageframe-none imageframe-8 hover-type-none has-aspect-ratio\"><a class=\"fusion-no-lightbox\" href=\"https:\/\/karriere.compassio.de\/magazin\/wie-viele-bewohner-pro-pflegekraft-faire-loesungen\/\" target=\"_self\" aria-label=\"Hilfe bei jeder Situation im Alltag.\"><img decoding=\"async\" width=\"800\" height=\"600\" alt=\"Pfleger hilft alter Frau aufzustehen.\" src=\"https:\/\/karriere.compassio.de\/magazin\/wp-content\/uploads\/2026\/04\/21.png\" data-orig-src=\"https:\/\/karriere.compassio.de\/magazin\/wp-content\/uploads\/2026\/04\/21.png\" class=\"lazyload img-responsive wp-image-2148 img-with-aspect-ratio\" data-parent-fit=\"cover\" data-parent-container=\".fusion-image-element\" srcset=\"data:image\/svg+xml,%3Csvg%20xmlns%3D%27http%3A%2F%2Fwww.w3.org%2F2000%2Fsvg%27%20width%3D%27800%27%20height%3D%27600%27%20viewBox%3D%270%200%20800%20600%27%3E%3Crect%20width%3D%27800%27%20height%3D%27600%27%20fill-opacity%3D%220%22%2F%3E%3C%2Fsvg%3E\" data-srcset=\"https:\/\/karriere.compassio.de\/magazin\/wp-content\/uploads\/2026\/04\/21-200x150.png 200w, https:\/\/karriere.compassio.de\/magazin\/wp-content\/uploads\/2026\/04\/21-400x300.png 400w, https:\/\/karriere.compassio.de\/magazin\/wp-content\/uploads\/2026\/04\/21-600x450.png 600w, https:\/\/karriere.compassio.de\/magazin\/wp-content\/uploads\/2026\/04\/21.png 800w\" data-sizes=\"auto\" data-orig-sizes=\"(max-width: 800px) 100vw, 600px\" \/><\/a><\/span><\/div><\/div><\/div><div class=\"fusion-layout-column fusion_builder_column_inner fusion-builder-nested-column-13 fusion_builder_column_inner_3_5 3_5 fusion-flex-column\" style=\"--awb-padding-left:10px;--awb-padding-top-medium:10px;--awb-padding-right-medium:20px;--awb-padding-left-medium:20px;--awb-padding-top-small:20px;--awb-bg-size:cover;--awb-width-large:60%;--awb-margin-top-large:0px;--awb-spacing-right-large:3.9583333333333%;--awb-margin-bottom-large:0px;--awb-spacing-left-large:3.9583333333333%;--awb-width-medium:100%;--awb-order-medium:0;--awb-spacing-right-medium:2.375%;--awb-spacing-left-medium:2.375%;--awb-width-small:100%;--awb-order-small:0;--awb-spacing-right-small:2.375%;--awb-spacing-left-small:2.375%;\"><div class=\"fusion-column-wrapper fusion-column-has-shadow fusion-flex-justify-content-flex-start fusion-content-layout-column\"><div ><a class=\"fusion-button button-flat fusion-button-default-size button-custom fusion-button-default button-14 fusion-button-default-span fusion-button-default-type\" style=\"--awb-margin-top:10px;--awb-margin-bottom:10px;--awb-padding-top:0px;--awb-padding-right:15px;--awb-padding-bottom:5px;--awb-padding-left:5px;--button_accent_color:var(--awb-color4);--button_border_color:var(--awb-color4);--button_accent_hover_color:var(--awb-color5);--button_border_hover_color:var(--awb-color4);--button_border_width-top:1px;--button_border_width-right:2px;--button_border_width-bottom:2px;--button_border_width-left:1px;--button-border-radius-top-left:0;--button-border-radius-top-right:0;--button-border-radius-bottom-right:0;--button-border-radius-bottom-left:0;--button_gradient_top_color:hsla(var(--awb-color4-h),var(--awb-color4-s),var(--awb-color4-l),calc(var(--awb-color4-a) - 100%));--button_gradient_bottom_color:hsla(var(--awb-color4-h),var(--awb-color4-s),var(--awb-color4-l),calc(var(--awb-color4-a) - 100%));--button_gradient_top_color_hover:hsla(var(--awb-color1-h),var(--awb-color1-s),var(--awb-color1-l),calc(var(--awb-color1-a) - 100%));--button_gradient_bottom_color_hover:hsla(var(--awb-color1-h),var(--awb-color1-s),var(--awb-color1-l),calc(var(--awb-color1-a) - 100%));--button_text_transform:var(--awb-typography5-text-transform);--button_font_size:var(--awb-typography5-font-size);--button_line_height:var(--awb-typography5-line-height);--button_typography-letter-spacing:var(--awb-typography5-letter-spacing);--button_typography-font-family:var(--awb-typography5-font-family);--button_typography-font-weight:var(--awb-typography5-font-weight);--button_typography-font-style:var(--awb-typography5-font-style);\" target=\"_self\" href=\"https:\/\/karriere.compassio.de\/magazin\/wie-viele-bewohner-pro-pflegekraft-faire-loesungen\/\"><span class=\"fusion-button-text awb-button__text awb-button__text--default\">Arbeit &amp; Leben in der Pflege<\/span><\/a><\/div><div class=\"fusion-title title fusion-title-13 fusion-sep-none fusion-title-text fusion-title-size-four\" style=\"--awb-margin-top-small:10px;--awb-margin-right-small:0px;--awb-margin-bottom-small:10px;--awb-margin-left-small:0px;--awb-link-color:var(--awb-color8);--awb-link-hover-color:var(--awb-color4);\"><h4 class=\"fusion-title-heading title-heading-left\" style=\"margin:0;text-transform:capitalize;\"><a href=\"https:\/\/karriere.compassio.de\/magazin\/wie-viele-bewohner-pro-pflegekraft-faire-loesungen\/\" class=\"awb-custom-text-color awb-custom-text-hover-color\" target=\"_self\">Wie viele Bewohner pro Pflegekraft: faire L\u00f6sungen<\/a><\/h4><\/div><div class=\"fusion-text fusion-text-4 fusion-text-no-margin\" style=\"--awb-margin-top:5px;--awb-margin-bottom:5px;\"><p>In diesem Beitrag geben wir dir einen strukturierten, rechtlich fundierten \u00dcberblick und zeigen, wie wir bei compassio mit dem Thema umgehen.<\/p>\n<\/div><div ><a class=\"fusion-button button-flat button-small button-custom fusion-button-default button-15 fusion-button-default-span fusion-button-default-type fusion-has-button-gradient\" style=\"--button_accent_color:var(--awb-color1);--button_border_color:var(--awb-color4);--button_accent_hover_color:var(--awb-color4);--button_border_hover_color:var(--awb-color5);--button_gradient_top_color:var(--awb-color4);--button_gradient_bottom_color:#993366;--button_gradient_top_color_hover:hsla(var(--awb-color5-h),var(--awb-color5-s),var(--awb-color5-l),calc(var(--awb-color5-a) - 100%));--button_gradient_bottom_color_hover:hsla(var(--awb-color5-h),var(--awb-color5-s),var(--awb-color5-l),calc(var(--awb-color5-a) - 100%));\" target=\"_self\" href=\"https:\/\/karriere.compassio.de\/magazin\/wie-viele-bewohner-pro-pflegekraft-faire-loesungen\/\"><i class=\"fa-angle-right fas awb-button__icon awb-button__icon--default button-icon-left\" aria-hidden=\"true\"><\/i><span class=\"fusion-button-text awb-button__text awb-button__text--default\">Mehr<\/span><\/a><\/div><\/div><\/div><\/div><\/div><\/li>\n<li class=\"fusion-layout-column fusion_builder_column fusion-builder-column-16 fusion-flex-column post-card fusion-grid-column fusion-post-cards-grid-column\" style=\"--awb-padding-bottom:40px;--awb-bg-blend:overlay;--awb-bg-size:cover;--awb-border-color:var(--awb-color2);--awb-border-bottom:1px;--awb-flex-grow:0;--awb-flex-shrink:0;--awb-flex-grow-medium:0;--awb-flex-shrink-medium:0;--awb-flex-grow-small:0;--awb-flex-shrink-small:0;\"><div class=\"fusion-column-wrapper fusion-flex-justify-content-flex-start fusion-content-layout-column\"><div class=\"fusion-builder-row fusion-builder-row-inner fusion-row fusion-flex-align-items-flex-start fusion-flex-content-wrap\" style=\"--awb-flex-grow:0;--awb-flex-grow-medium:0;--awb-flex-grow-small:0;--awb-flex-shrink:0;--awb-flex-shrink-medium:0;--awb-flex-shrink-small:0;width:105% !important;max-width:105% !important;margin-left: calc(-5% \/ 2 );margin-right: calc(-5% \/ 2 );\"><div class=\"fusion-layout-column fusion_builder_column_inner fusion-builder-nested-column-14 fusion_builder_column_inner_2_5 2_5 fusion-flex-column fusion-flex-align-self-stretch\" style=\"--awb-bg-size:cover;--awb-width-large:40%;--awb-margin-top-large:0px;--awb-spacing-right-large:5.9375%;--awb-margin-bottom-large:0px;--awb-spacing-left-large:5.9375%;--awb-width-medium:100%;--awb-order-medium:0;--awb-spacing-right-medium:2.375%;--awb-spacing-left-medium:2.375%;--awb-width-small:100%;--awb-order-small:0;--awb-spacing-right-small:2.375%;--awb-spacing-left-small:2.375%;\"><div class=\"fusion-column-wrapper fusion-column-has-shadow fusion-flex-justify-content-flex-start fusion-content-layout-column\"><div class=\"fusion-image-element \" style=\"--awb-aspect-ratio: 100 \/ 90;--awb-caption-title-color:hsla(var(--awb-color1-h),var(--awb-color1-s),var(--awb-color1-l),calc(var(--awb-color1-a) - 100%));--awb-caption-text-color:hsla(var(--awb-color1-h),var(--awb-color1-s),var(--awb-color1-l),calc(var(--awb-color1-a) - 100%));--awb-caption-title-font-family:var(--h2_typography-font-family);--awb-caption-title-font-weight:var(--h2_typography-font-weight);--awb-caption-title-font-style:var(--h2_typography-font-style);--awb-caption-title-size:var(--h2_typography-font-size);--awb-caption-title-transform:var(--h2_typography-text-transform);--awb-caption-title-line-height:var(--h2_typography-line-height);--awb-caption-title-letter-spacing:var(--h2_typography-letter-spacing);\"><span class=\" fusion-imageframe imageframe-none imageframe-9 hover-type-none has-aspect-ratio\"><a class=\"fusion-no-lightbox\" href=\"https:\/\/karriere.compassio.de\/magazin\/stationaere-pflege-bei-compassio-fruehdienst-vs-spaetdienst\/\" target=\"_self\" aria-label=\"Ausbildung Pflege Compassio.\"><img decoding=\"async\" width=\"800\" height=\"600\" alt=\"Frau blickt in die Kamera. Im Hintergrund Menschen die lernen.\" src=\"https:\/\/karriere.compassio.de\/magazin\/wp-content\/uploads\/2026\/04\/20.png\" data-orig-src=\"https:\/\/karriere.compassio.de\/magazin\/wp-content\/uploads\/2026\/04\/20.png\" class=\"lazyload img-responsive wp-image-2149 img-with-aspect-ratio\" data-parent-fit=\"cover\" data-parent-container=\".fusion-image-element\" srcset=\"data:image\/svg+xml,%3Csvg%20xmlns%3D%27http%3A%2F%2Fwww.w3.org%2F2000%2Fsvg%27%20width%3D%27800%27%20height%3D%27600%27%20viewBox%3D%270%200%20800%20600%27%3E%3Crect%20width%3D%27800%27%20height%3D%27600%27%20fill-opacity%3D%220%22%2F%3E%3C%2Fsvg%3E\" data-srcset=\"https:\/\/karriere.compassio.de\/magazin\/wp-content\/uploads\/2026\/04\/20-200x150.png 200w, https:\/\/karriere.compassio.de\/magazin\/wp-content\/uploads\/2026\/04\/20-400x300.png 400w, https:\/\/karriere.compassio.de\/magazin\/wp-content\/uploads\/2026\/04\/20-600x450.png 600w, https:\/\/karriere.compassio.de\/magazin\/wp-content\/uploads\/2026\/04\/20.png 800w\" data-sizes=\"auto\" data-orig-sizes=\"(max-width: 800px) 100vw, 600px\" \/><\/a><\/span><\/div><\/div><\/div><div class=\"fusion-layout-column fusion_builder_column_inner fusion-builder-nested-column-15 fusion_builder_column_inner_3_5 3_5 fusion-flex-column\" style=\"--awb-padding-left:10px;--awb-padding-top-medium:10px;--awb-padding-right-medium:20px;--awb-padding-left-medium:20px;--awb-padding-top-small:20px;--awb-bg-size:cover;--awb-width-large:60%;--awb-margin-top-large:0px;--awb-spacing-right-large:3.9583333333333%;--awb-margin-bottom-large:0px;--awb-spacing-left-large:3.9583333333333%;--awb-width-medium:100%;--awb-order-medium:0;--awb-spacing-right-medium:2.375%;--awb-spacing-left-medium:2.375%;--awb-width-small:100%;--awb-order-small:0;--awb-spacing-right-small:2.375%;--awb-spacing-left-small:2.375%;\"><div class=\"fusion-column-wrapper fusion-column-has-shadow fusion-flex-justify-content-flex-start fusion-content-layout-column\"><div ><a class=\"fusion-button button-flat fusion-button-default-size button-custom fusion-button-default button-16 fusion-button-default-span fusion-button-default-type\" style=\"--awb-margin-top:10px;--awb-margin-bottom:10px;--awb-padding-top:0px;--awb-padding-right:15px;--awb-padding-bottom:5px;--awb-padding-left:5px;--button_accent_color:var(--awb-color4);--button_border_color:var(--awb-color4);--button_accent_hover_color:var(--awb-color5);--button_border_hover_color:var(--awb-color4);--button_border_width-top:1px;--button_border_width-right:2px;--button_border_width-bottom:2px;--button_border_width-left:1px;--button-border-radius-top-left:0;--button-border-radius-top-right:0;--button-border-radius-bottom-right:0;--button-border-radius-bottom-left:0;--button_gradient_top_color:hsla(var(--awb-color4-h),var(--awb-color4-s),var(--awb-color4-l),calc(var(--awb-color4-a) - 100%));--button_gradient_bottom_color:hsla(var(--awb-color4-h),var(--awb-color4-s),var(--awb-color4-l),calc(var(--awb-color4-a) - 100%));--button_gradient_top_color_hover:hsla(var(--awb-color1-h),var(--awb-color1-s),var(--awb-color1-l),calc(var(--awb-color1-a) - 100%));--button_gradient_bottom_color_hover:hsla(var(--awb-color1-h),var(--awb-color1-s),var(--awb-color1-l),calc(var(--awb-color1-a) - 100%));--button_text_transform:var(--awb-typography5-text-transform);--button_font_size:var(--awb-typography5-font-size);--button_line_height:var(--awb-typography5-line-height);--button_typography-letter-spacing:var(--awb-typography5-letter-spacing);--button_typography-font-family:var(--awb-typography5-font-family);--button_typography-font-weight:var(--awb-typography5-font-weight);--button_typography-font-style:var(--awb-typography5-font-style);\" target=\"_self\" href=\"https:\/\/karriere.compassio.de\/magazin\/stationaere-pflege-bei-compassio-fruehdienst-vs-spaetdienst\/\"><span class=\"fusion-button-text awb-button__text awb-button__text--default\">Arbeit &amp; Leben in der Pflege<\/span><\/a><\/div><div class=\"fusion-title title fusion-title-14 fusion-sep-none fusion-title-text fusion-title-size-four\" style=\"--awb-margin-top-small:10px;--awb-margin-right-small:0px;--awb-margin-bottom-small:10px;--awb-margin-left-small:0px;--awb-link-color:var(--awb-color8);--awb-link-hover-color:var(--awb-color4);\"><h4 class=\"fusion-title-heading title-heading-left\" style=\"margin:0;text-transform:capitalize;\"><a href=\"https:\/\/karriere.compassio.de\/magazin\/stationaere-pflege-bei-compassio-fruehdienst-vs-spaetdienst\/\" class=\"awb-custom-text-color awb-custom-text-hover-color\" target=\"_self\">Station\u00e4re Pflege bei compassio: Fr\u00fchdienst vs Sp\u00e4tdienst<\/a><\/h4><\/div><div class=\"fusion-text fusion-text-5 fusion-text-no-margin\" style=\"--awb-margin-top:5px;--awb-margin-bottom:5px;\"><p>Unsere Teams erleben jeden Tag, wie unterschiedlich sich Fr\u00fchdienst und Sp\u00e4tdienst anf\u00fchlen \u2013 und wie wichtig gute Organisation und ein starkes Team f\u00fcr den Arbeitsalltag sind.<\/p>\n<\/div><div ><a class=\"fusion-button button-flat button-small button-custom fusion-button-default button-17 fusion-button-default-span fusion-button-default-type fusion-has-button-gradient\" style=\"--button_accent_color:var(--awb-color1);--button_border_color:var(--awb-color4);--button_accent_hover_color:var(--awb-color4);--button_border_hover_color:var(--awb-color5);--button_gradient_top_color:var(--awb-color4);--button_gradient_bottom_color:#993366;--button_gradient_top_color_hover:hsla(var(--awb-color5-h),var(--awb-color5-s),var(--awb-color5-l),calc(var(--awb-color5-a) - 100%));--button_gradient_bottom_color_hover:hsla(var(--awb-color5-h),var(--awb-color5-s),var(--awb-color5-l),calc(var(--awb-color5-a) - 100%));\" target=\"_self\" href=\"https:\/\/karriere.compassio.de\/magazin\/stationaere-pflege-bei-compassio-fruehdienst-vs-spaetdienst\/\"><i class=\"fa-angle-right fas awb-button__icon awb-button__icon--default button-icon-left\" aria-hidden=\"true\"><\/i><span class=\"fusion-button-text awb-button__text awb-button__text--default\">Mehr<\/span><\/a><\/div><\/div><\/div><\/div><\/div><\/li>\n<li class=\"fusion-layout-column fusion_builder_column fusion-builder-column-17 fusion-flex-column post-card fusion-grid-column fusion-post-cards-grid-column\" style=\"--awb-padding-bottom:40px;--awb-bg-blend:overlay;--awb-bg-size:cover;--awb-border-color:var(--awb-color2);--awb-border-bottom:1px;--awb-flex-grow:0;--awb-flex-shrink:0;--awb-flex-grow-medium:0;--awb-flex-shrink-medium:0;--awb-flex-grow-small:0;--awb-flex-shrink-small:0;\"><div class=\"fusion-column-wrapper fusion-flex-justify-content-flex-start fusion-content-layout-column\"><div class=\"fusion-builder-row fusion-builder-row-inner fusion-row fusion-flex-align-items-flex-start fusion-flex-content-wrap\" style=\"--awb-flex-grow:0;--awb-flex-grow-medium:0;--awb-flex-grow-small:0;--awb-flex-shrink:0;--awb-flex-shrink-medium:0;--awb-flex-shrink-small:0;width:105% !important;max-width:105% !important;margin-left: calc(-5% \/ 2 );margin-right: calc(-5% \/ 2 );\"><div class=\"fusion-layout-column fusion_builder_column_inner fusion-builder-nested-column-16 fusion_builder_column_inner_2_5 2_5 fusion-flex-column fusion-flex-align-self-stretch\" style=\"--awb-bg-size:cover;--awb-width-large:40%;--awb-margin-top-large:0px;--awb-spacing-right-large:5.9375%;--awb-margin-bottom-large:0px;--awb-spacing-left-large:5.9375%;--awb-width-medium:100%;--awb-order-medium:0;--awb-spacing-right-medium:2.375%;--awb-spacing-left-medium:2.375%;--awb-width-small:100%;--awb-order-small:0;--awb-spacing-right-small:2.375%;--awb-spacing-left-small:2.375%;\"><div class=\"fusion-column-wrapper fusion-column-has-shadow fusion-flex-justify-content-flex-start fusion-content-layout-column\"><div class=\"fusion-image-element \" style=\"--awb-aspect-ratio: 100 \/ 90;--awb-caption-title-color:hsla(var(--awb-color1-h),var(--awb-color1-s),var(--awb-color1-l),calc(var(--awb-color1-a) - 100%));--awb-caption-text-color:hsla(var(--awb-color1-h),var(--awb-color1-s),var(--awb-color1-l),calc(var(--awb-color1-a) - 100%));--awb-caption-title-font-family:var(--h2_typography-font-family);--awb-caption-title-font-weight:var(--h2_typography-font-weight);--awb-caption-title-font-style:var(--h2_typography-font-style);--awb-caption-title-size:var(--h2_typography-font-size);--awb-caption-title-transform:var(--h2_typography-text-transform);--awb-caption-title-line-height:var(--h2_typography-line-height);--awb-caption-title-letter-spacing:var(--h2_typography-letter-spacing);\"><span class=\" fusion-imageframe imageframe-none imageframe-10 hover-type-none has-aspect-ratio\"><a class=\"fusion-no-lightbox\" href=\"https:\/\/karriere.compassio.de\/magazin\/bewerbung-pflege-alles-rund-um-das-vorstellungsgespraech\/\" target=\"_self\" aria-label=\"Symbolbild Benefits.\"><img decoding=\"async\" width=\"800\" height=\"600\" alt=\"Gefaltete H\u00e4nde und Einblendungen mit Symbolen.\" src=\"https:\/\/karriere.compassio.de\/magazin\/wp-content\/uploads\/2026\/04\/16.png\" data-orig-src=\"https:\/\/karriere.compassio.de\/magazin\/wp-content\/uploads\/2026\/04\/16.png\" class=\"lazyload img-responsive wp-image-2142 img-with-aspect-ratio\" data-parent-fit=\"cover\" data-parent-container=\".fusion-image-element\" srcset=\"data:image\/svg+xml,%3Csvg%20xmlns%3D%27http%3A%2F%2Fwww.w3.org%2F2000%2Fsvg%27%20width%3D%27800%27%20height%3D%27600%27%20viewBox%3D%270%200%20800%20600%27%3E%3Crect%20width%3D%27800%27%20height%3D%27600%27%20fill-opacity%3D%220%22%2F%3E%3C%2Fsvg%3E\" data-srcset=\"https:\/\/karriere.compassio.de\/magazin\/wp-content\/uploads\/2026\/04\/16-200x150.png 200w, https:\/\/karriere.compassio.de\/magazin\/wp-content\/uploads\/2026\/04\/16-400x300.png 400w, https:\/\/karriere.compassio.de\/magazin\/wp-content\/uploads\/2026\/04\/16-600x450.png 600w, https:\/\/karriere.compassio.de\/magazin\/wp-content\/uploads\/2026\/04\/16.png 800w\" data-sizes=\"auto\" data-orig-sizes=\"(max-width: 800px) 100vw, 600px\" \/><\/a><\/span><\/div><\/div><\/div><div class=\"fusion-layout-column fusion_builder_column_inner fusion-builder-nested-column-17 fusion_builder_column_inner_3_5 3_5 fusion-flex-column\" style=\"--awb-padding-left:10px;--awb-padding-top-medium:10px;--awb-padding-right-medium:20px;--awb-padding-left-medium:20px;--awb-padding-top-small:20px;--awb-bg-size:cover;--awb-width-large:60%;--awb-margin-top-large:0px;--awb-spacing-right-large:3.9583333333333%;--awb-margin-bottom-large:0px;--awb-spacing-left-large:3.9583333333333%;--awb-width-medium:100%;--awb-order-medium:0;--awb-spacing-right-medium:2.375%;--awb-spacing-left-medium:2.375%;--awb-width-small:100%;--awb-order-small:0;--awb-spacing-right-small:2.375%;--awb-spacing-left-small:2.375%;\"><div class=\"fusion-column-wrapper fusion-column-has-shadow fusion-flex-justify-content-flex-start fusion-content-layout-column\"><div ><a class=\"fusion-button button-flat fusion-button-default-size button-custom fusion-button-default button-18 fusion-button-default-span fusion-button-default-type\" style=\"--awb-margin-top:10px;--awb-margin-bottom:10px;--awb-padding-top:0px;--awb-padding-right:15px;--awb-padding-bottom:5px;--awb-padding-left:5px;--button_accent_color:var(--awb-color4);--button_border_color:var(--awb-color4);--button_accent_hover_color:var(--awb-color5);--button_border_hover_color:var(--awb-color4);--button_border_width-top:1px;--button_border_width-right:2px;--button_border_width-bottom:2px;--button_border_width-left:1px;--button-border-radius-top-left:0;--button-border-radius-top-right:0;--button-border-radius-bottom-right:0;--button-border-radius-bottom-left:0;--button_gradient_top_color:hsla(var(--awb-color4-h),var(--awb-color4-s),var(--awb-color4-l),calc(var(--awb-color4-a) - 100%));--button_gradient_bottom_color:hsla(var(--awb-color4-h),var(--awb-color4-s),var(--awb-color4-l),calc(var(--awb-color4-a) - 100%));--button_gradient_top_color_hover:hsla(var(--awb-color1-h),var(--awb-color1-s),var(--awb-color1-l),calc(var(--awb-color1-a) - 100%));--button_gradient_bottom_color_hover:hsla(var(--awb-color1-h),var(--awb-color1-s),var(--awb-color1-l),calc(var(--awb-color1-a) - 100%));--button_text_transform:var(--awb-typography5-text-transform);--button_font_size:var(--awb-typography5-font-size);--button_line_height:var(--awb-typography5-line-height);--button_typography-letter-spacing:var(--awb-typography5-letter-spacing);--button_typography-font-family:var(--awb-typography5-font-family);--button_typography-font-weight:var(--awb-typography5-font-weight);--button_typography-font-style:var(--awb-typography5-font-style);\" target=\"_self\" href=\"https:\/\/karriere.compassio.de\/magazin\/bewerbung-pflege-alles-rund-um-das-vorstellungsgespraech\/\"><span class=\"fusion-button-text awb-button__text awb-button__text--default\">Karriere in der Pflege<\/span><\/a><\/div><div class=\"fusion-title title fusion-title-15 fusion-sep-none fusion-title-text fusion-title-size-four\" style=\"--awb-margin-top-small:10px;--awb-margin-right-small:0px;--awb-margin-bottom-small:10px;--awb-margin-left-small:0px;--awb-link-color:var(--awb-color8);--awb-link-hover-color:var(--awb-color4);\"><h4 class=\"fusion-title-heading title-heading-left\" style=\"margin:0;text-transform:capitalize;\"><a href=\"https:\/\/karriere.compassio.de\/magazin\/bewerbung-pflege-alles-rund-um-das-vorstellungsgespraech\/\" class=\"awb-custom-text-color awb-custom-text-hover-color\" target=\"_self\">Bewerbung Pflege: Alles rund um das Vorstellungsgespr\u00e4ch<\/a><\/h4><\/div><div class=\"fusion-text fusion-text-6 fusion-text-no-margin\" style=\"--awb-margin-top:5px;--awb-margin-bottom:5px;\"><p>In diesem Leitfaden nehmen wir dich Schritt f\u00fcr Schritt durch typische Fragen, den Ablauf und starke Antworten im Pflege-Vorstellungsgespr\u00e4ch \u2013 mit vielen Beispielen f\u00fcr Pflegefachkr\u00e4fte, Pflegehilfskr\u00e4fte, Azubis und Quereinsteiger.<\/p>\n<\/div><div ><a class=\"fusion-button button-flat button-small button-custom fusion-button-default button-19 fusion-button-default-span fusion-button-default-type fusion-has-button-gradient\" style=\"--button_accent_color:var(--awb-color1);--button_border_color:var(--awb-color4);--button_accent_hover_color:var(--awb-color4);--button_border_hover_color:var(--awb-color5);--button_gradient_top_color:var(--awb-color4);--button_gradient_bottom_color:#993366;--button_gradient_top_color_hover:hsla(var(--awb-color5-h),var(--awb-color5-s),var(--awb-color5-l),calc(var(--awb-color5-a) - 100%));--button_gradient_bottom_color_hover:hsla(var(--awb-color5-h),var(--awb-color5-s),var(--awb-color5-l),calc(var(--awb-color5-a) - 100%));\" target=\"_self\" href=\"https:\/\/karriere.compassio.de\/magazin\/bewerbung-pflege-alles-rund-um-das-vorstellungsgespraech\/\"><i class=\"fa-angle-right fas awb-button__icon awb-button__icon--default button-icon-left\" aria-hidden=\"true\"><\/i><span class=\"fusion-button-text awb-button__text awb-button__text--default\">Mehr<\/span><\/a><\/div><\/div><\/div><\/div><\/div><\/li>\n<\/ul><\/div><\/div><\/div><div class=\"fusion-layout-column fusion_builder_column fusion-builder-column-18 fusion_builder_column_1_3 1_3 fusion-flex-column\" style=\"--awb-padding-top-small:40px;--awb-bg-size:cover;--awb-width-large:33.333333333333%;--awb-flex-grow:0;--awb-flex-shrink:0;--awb-margin-top-large:0px;--awb-spacing-right-large:7.125%;--awb-margin-bottom-large:0px;--awb-spacing-left-large:7.125%;--awb-width-medium:50%;--awb-order-medium:0;--awb-flex-grow-medium:0;--awb-flex-shrink-medium:0;--awb-margin-top-medium:60px;--awb-spacing-right-medium:4.75%;--awb-spacing-left-medium:4.75%;--awb-width-small:100%;--awb-order-small:0;--awb-flex-grow-small:0;--awb-flex-shrink-small:0;--awb-spacing-right-small:2.375%;--awb-spacing-left-small:2.375%;\"><div class=\"fusion-column-wrapper fusion-column-has-shadow fusion-flex-justify-content-flex-start fusion-content-layout-column\"><div class=\"fusion-builder-row fusion-builder-row-inner fusion-row fusion-flex-align-items-flex-start fusion-flex-content-wrap\" style=\"--awb-flex-grow:0;--awb-flex-grow-medium:0;--awb-flex-grow-small:0;--awb-flex-shrink:0;--awb-flex-shrink-medium:0;--awb-flex-shrink-small:0;width:105% !important;max-width:105% !important;margin-left: calc(-5% \/ 2 );margin-right: calc(-5% \/ 2 );\"><div class=\"fusion-layout-column fusion_builder_column_inner fusion-builder-nested-column-18 fusion_builder_column_inner_1_1 1_1 fusion-flex-column\" style=\"--awb-padding-top:60px;--awb-padding-right:40px;--awb-padding-bottom:40px;--awb-padding-left:40px;--awb-bg-color:hsla(var(--awb-color2-h),var(--awb-color2-s),calc(var(--awb-color2-l) + 2%),var(--awb-color2-a));--awb-bg-color-hover:hsla(var(--awb-color2-h),var(--awb-color2-s),calc(var(--awb-color2-l) + 2%),var(--awb-color2-a));--awb-bg-size:cover;--awb-width-large:100%;--awb-margin-top-large:0px;--awb-spacing-right-large:2.375%;--awb-margin-bottom-large:40px;--awb-spacing-left-large:2.375%;--awb-width-medium:100%;--awb-order-medium:0;--awb-spacing-right-medium:2.375%;--awb-spacing-left-medium:2.375%;--awb-width-small:100%;--awb-order-small:0;--awb-spacing-right-small:2.375%;--awb-spacing-left-small:2.375%;\"><div class=\"fusion-column-wrapper fusion-column-has-shadow fusion-flex-justify-content-flex-start fusion-content-layout-column\"><div class=\"fusion-title title fusion-title-16 fusion-sep-none fusion-title-center fusion-title-text fusion-title-size-three\" style=\"--awb-text-color:#005c53;--awb-margin-top-small:10px;--awb-margin-right-small:0px;--awb-margin-bottom-small:10px;--awb-margin-left-small:0px;\"><h3 class=\"fusion-title-heading title-heading-center\" style=\"margin:0;text-transform:capitalize;\"><strong>Pflege Jobs bei <span class=\"brand-in-title\">compassio<\/span><\/strong><\/h3><\/div><div class=\"fusion-text fusion-text-7\" style=\"--awb-content-alignment:center;--awb-text-color:#005c53;\"><p>Gute Pflege \u2013 leicht gemacht<\/p>\n<\/div><div style=\"text-align:center;\"><a class=\"fusion-button button-flat fusion-button-default-size button-custom fusion-button-default button-20 fusion-button-default-span fusion-button-default-type\" style=\"--button_accent_color:#005c53;--button_accent_hover_color:var(--awb-color1);--button_border_hover_color:var(--awb-color1);--button_gradient_top_color:#cbe314;--button_gradient_bottom_color:#cbe314;--button_gradient_top_color_hover:var(--awb-color5);--button_gradient_bottom_color_hover:var(--awb-color5);\" target=\"_self\" href=\"https:\/\/karriere.compassio.de\/stellen\/\"><span class=\"fusion-button-text awb-button__text awb-button__text--default\">Komm zu compassio!<\/span><\/a><\/div><\/div><\/div><\/div><div class=\"fusion-builder-row fusion-builder-row-inner fusion-row fusion-flex-align-items-flex-start fusion-flex-content-wrap\" style=\"--awb-flex-grow:0;--awb-flex-grow-medium:0;--awb-flex-grow-small:0;--awb-flex-shrink:0;--awb-flex-shrink-medium:0;--awb-flex-shrink-small:0;width:105% !important;max-width:105% !important;margin-left: calc(-5% \/ 2 );margin-right: calc(-5% \/ 2 );\"><div class=\"fusion-layout-column fusion_builder_column_inner fusion-builder-nested-column-19 fusion_builder_column_inner_1_1 1_1 fusion-flex-column\" style=\"--awb-bg-size:cover;--awb-width-large:100%;--awb-margin-top-large:0px;--awb-spacing-right-large:2.375%;--awb-margin-bottom-large:40px;--awb-spacing-left-large:2.375%;--awb-width-medium:100%;--awb-order-medium:0;--awb-spacing-right-medium:2.375%;--awb-spacing-left-medium:2.375%;--awb-width-small:100%;--awb-order-small:0;--awb-spacing-right-small:2.375%;--awb-spacing-left-small:2.375%;\"><div class=\"fusion-column-wrapper fusion-column-has-shadow fusion-flex-justify-content-flex-start fusion-content-layout-column\"><div class=\"fusion-title title fusion-title-17 fusion-title-text fusion-title-size-three\" style=\"--awb-margin-bottom:25px;--awb-margin-top-small:10px;--awb-margin-right-small:0px;--awb-margin-bottom-small:40px;--awb-margin-left-small:0px;\"><div class=\"title-sep-container title-sep-container-left fusion-no-large-visibility fusion-no-medium-visibility fusion-no-small-visibility\"><div class=\"title-sep sep-single sep-solid\" style=\"border-color:var(--awb-color3);\"><\/div><\/div><span class=\"awb-title-spacer fusion-no-large-visibility fusion-no-medium-visibility fusion-no-small-visibility\"><\/span><h3 class=\"fusion-title-heading title-heading-left\" style=\"margin:0;text-transform:capitalize;\">Beliebt<\/h3><span class=\"awb-title-spacer\"><\/span><div class=\"title-sep-container title-sep-container-right\"><div class=\"title-sep sep-single sep-solid\" style=\"border-color:var(--awb-color3);\"><\/div><\/div><\/div><div class=\"fusion-post-cards fusion-post-cards-6 awb-carousel awb-swiper awb-swiper-carousel awb-swiper-dots-position-below\" style=\"--awb-dots-color:var(--awb-color3);--awb-dots-active-color:var(--awb-color4);--awb-dots-spacing:8px;--awb-dots-margin-top:25px;--awb-dots-margin-bottom:25px;--awb-dots-align:center;--awb-columns:1;--awb-active-filter-border-size:3px;--awb-filters-height:36px;\" data-post-type-label=\"beitr\u00e4ge\" data-autoplay=\"yes\" data-autoplayspeed=\"5000\" data-autoplaypause=\"no\" data-loop=\"yes\" data-columns=\"1\" data-columnsmedium=\"0\" data-columnssmall=\"0\" data-itemmargin=\"40\" data-itemwidth=\"180\" data-touchscroll=\"drag\" data-freemode=\"no\" data-imagesize=\"auto\" data-scrollitems=\"0\" data-scrollitems-medium=\"0\" data-scrollitems-small=\"0\" data-mousepointer=\"default\" data-layout=\"carousel\" data-centeredslides=\"no\" data-shadow=\"no\" data-speed=\"500\" data-rotationangle=\"50\" data-depth=\"100\"><div class=\"swiper-wrapper fusion-flex-align-items-flex-start\"><div class=\"fusion_builder_column fusion-builder-column-19 fusion-flex-column post-card swiper-slide\" style=\"--awb-padding-top:12vw;--awb-padding-right:2vw;--awb-padding-bottom:2vw;--awb-padding-left:2vw;--awb-padding-top-small:20vw;--awb-padding-right-small:20px;--awb-padding-bottom-small:30px;--awb-padding-left-small:20px;--awb-bg-image:linear-gradient(180deg, hsla(var(--awb-color8-h),var(--awb-color8-s),var(--awb-color8-l),calc(var(--awb-color8-a) - 100%)) 0%,var(--awb-color8) 90%);;--awb-bg-position:center center;--awb-bg-size:cover;--awb-flex-grow:0;--awb-flex-shrink:0;--awb-flex-grow-medium:0;--awb-flex-shrink-medium:0;--awb-flex-grow-small:0;--awb-flex-shrink-small:0;\"><div class=\"fusion-column-wrapper lazyload fusion-flex-justify-content-flex-start fusion-content-layout-column fusion-column-has-bg-image fusion-carousel-item-wrapper\" data-bg-url=\"https:\/\/karriere.compassio.de\/magazin\/wp-content\/uploads\/2026\/04\/18.png\" data-bg=\"https:\/\/karriere.compassio.de\/magazin\/wp-content\/uploads\/2026\/04\/18.png\" data-bg-gradient=\"linear-gradient(180deg, hsla(var(--awb-color8-h),var(--awb-color8-s),var(--awb-color8-l),calc(var(--awb-color8-a) - 100%)) 0%,var(--awb-color8) 90%)\"><div class=\"fusion-title title fusion-title-18 fusion-sep-none fusion-title-center fusion-title-text fusion-title-size-four\" style=\"--awb-margin-top-small:10px;--awb-margin-right-small:0px;--awb-margin-bottom-small:10px;--awb-margin-left-small:0px;--awb-link-color:var(--awb-color1);--awb-link-hover-color:var(--awb-color3);\"><h4 class=\"fusion-title-heading title-heading-center\" style=\"margin:0;text-transform:capitalize;\"><a href=\"https:\/\/karriere.compassio.de\/magazin\/tarifvertrag-in-der-pflege\/\" class=\"awb-custom-text-color awb-custom-text-hover-color\" target=\"_self\">Tarifvertrag Pflege: Das bedeutet er f\u00fcr dich bei compassio<\/a><\/h4><\/div><div class=\"fusion-meta-tb fusion-meta-tb-2 floated\" style=\"--awb-border-bottom:0px;--awb-border-top:0px;--awb-height:36px;--awb-text-color:var(--awb-color1);--awb-link-color:var(--awb-color4);--awb-text-hover-color:var(--awb-color3);--awb-alignment:center;--awb-alignment-medium:center;--awb-alignment-small:center;\"><span class=\"fusion-tb-categories\">Kategorien: <a href=\"https:\/\/karriere.compassio.de\/magazin\/category\/arbeit-in-der-pflege\/\" rel=\"category tag\">Arbeit &amp; Leben in der Pflege<\/a><\/span><span class=\"fusion-meta-tb-sep\"><\/span><\/div><\/div><\/div>\n<div class=\"fusion_builder_column fusion-builder-column-20 fusion-flex-column post-card swiper-slide\" style=\"--awb-padding-top:12vw;--awb-padding-right:2vw;--awb-padding-bottom:2vw;--awb-padding-left:2vw;--awb-padding-top-small:20vw;--awb-padding-right-small:20px;--awb-padding-bottom-small:30px;--awb-padding-left-small:20px;--awb-bg-image:linear-gradient(180deg, hsla(var(--awb-color8-h),var(--awb-color8-s),var(--awb-color8-l),calc(var(--awb-color8-a) - 100%)) 0%,var(--awb-color8) 90%);;--awb-bg-position:center center;--awb-bg-size:cover;--awb-flex-grow:0;--awb-flex-shrink:0;--awb-flex-grow-medium:0;--awb-flex-shrink-medium:0;--awb-flex-grow-small:0;--awb-flex-shrink-small:0;\"><div class=\"fusion-column-wrapper lazyload fusion-flex-justify-content-flex-start fusion-content-layout-column fusion-column-has-bg-image fusion-carousel-item-wrapper\" data-bg-url=\"https:\/\/karriere.compassio.de\/magazin\/wp-content\/uploads\/2026\/04\/Gemini_Generated_Image_iwh2bjiwh2bjiwh2-1-scaled.png\" data-bg=\"https:\/\/karriere.compassio.de\/magazin\/wp-content\/uploads\/2026\/04\/Gemini_Generated_Image_iwh2bjiwh2bjiwh2-1-scaled.png\" data-bg-gradient=\"linear-gradient(180deg, hsla(var(--awb-color8-h),var(--awb-color8-s),var(--awb-color8-l),calc(var(--awb-color8-a) - 100%)) 0%,var(--awb-color8) 90%)\"><div class=\"fusion-title title fusion-title-19 fusion-sep-none fusion-title-center fusion-title-text fusion-title-size-four\" style=\"--awb-margin-top-small:10px;--awb-margin-right-small:0px;--awb-margin-bottom-small:10px;--awb-margin-left-small:0px;--awb-link-color:var(--awb-color1);--awb-link-hover-color:var(--awb-color3);\"><h4 class=\"fusion-title-heading title-heading-center\" style=\"margin:0;text-transform:capitalize;\"><a href=\"https:\/\/karriere.compassio.de\/magazin\/zuschlaege-in-der-pflege-so-profitierst-du-fair\/\" class=\"awb-custom-text-color awb-custom-text-hover-color\" target=\"_self\">Zuschl\u00e4ge in der Pflege: So profitierst du fair<\/a><\/h4><\/div><div class=\"fusion-meta-tb fusion-meta-tb-3 floated\" style=\"--awb-border-bottom:0px;--awb-border-top:0px;--awb-height:36px;--awb-text-color:var(--awb-color1);--awb-link-color:var(--awb-color4);--awb-text-hover-color:var(--awb-color3);--awb-alignment:center;--awb-alignment-medium:center;--awb-alignment-small:center;\"><span class=\"fusion-tb-categories\">Kategorien: <a href=\"https:\/\/karriere.compassio.de\/magazin\/category\/arbeit-in-der-pflege\/\" rel=\"category tag\">Arbeit &amp; Leben in der Pflege<\/a><\/span><span class=\"fusion-meta-tb-sep\"><\/span><\/div><\/div><\/div>\n<div class=\"fusion_builder_column fusion-builder-column-21 fusion-flex-column post-card swiper-slide\" style=\"--awb-padding-top:12vw;--awb-padding-right:2vw;--awb-padding-bottom:2vw;--awb-padding-left:2vw;--awb-padding-top-small:20vw;--awb-padding-right-small:20px;--awb-padding-bottom-small:30px;--awb-padding-left-small:20px;--awb-bg-image:linear-gradient(180deg, hsla(var(--awb-color8-h),var(--awb-color8-s),var(--awb-color8-l),calc(var(--awb-color8-a) - 100%)) 0%,var(--awb-color8) 90%);;--awb-bg-position:center center;--awb-bg-size:cover;--awb-flex-grow:0;--awb-flex-shrink:0;--awb-flex-grow-medium:0;--awb-flex-shrink-medium:0;--awb-flex-grow-small:0;--awb-flex-shrink-small:0;\"><div class=\"fusion-column-wrapper lazyload fusion-flex-justify-content-flex-start fusion-content-layout-column fusion-column-has-bg-image fusion-carousel-item-wrapper\" data-bg-url=\"https:\/\/karriere.compassio.de\/magazin\/wp-content\/uploads\/2026\/04\/15.png\" data-bg=\"https:\/\/karriere.compassio.de\/magazin\/wp-content\/uploads\/2026\/04\/15.png\" data-bg-gradient=\"linear-gradient(180deg, hsla(var(--awb-color8-h),var(--awb-color8-s),var(--awb-color8-l),calc(var(--awb-color8-a) - 100%)) 0%,var(--awb-color8) 90%)\"><div class=\"fusion-title title fusion-title-20 fusion-sep-none fusion-title-center fusion-title-text fusion-title-size-four\" style=\"--awb-margin-top-small:10px;--awb-margin-right-small:0px;--awb-margin-bottom-small:10px;--awb-margin-left-small:0px;--awb-link-color:var(--awb-color1);--awb-link-hover-color:var(--awb-color3);\"><h4 class=\"fusion-title-heading title-heading-center\" style=\"margin:0;text-transform:capitalize;\"><a href=\"https:\/\/karriere.compassio.de\/magazin\/soft-skills-in-der-pflege-so-staerkst-du-dein-team\/\" class=\"awb-custom-text-color awb-custom-text-hover-color\" target=\"_self\">Soft Skills in der Pflege: So st\u00e4rkst du dein Team<\/a><\/h4><\/div><div class=\"fusion-meta-tb fusion-meta-tb-4 floated\" style=\"--awb-border-bottom:0px;--awb-border-top:0px;--awb-height:36px;--awb-text-color:var(--awb-color1);--awb-link-color:var(--awb-color4);--awb-text-hover-color:var(--awb-color3);--awb-alignment:center;--awb-alignment-medium:center;--awb-alignment-small:center;\"><span class=\"fusion-tb-categories\">Kategorien: <a href=\"https:\/\/karriere.compassio.de\/magazin\/category\/arbeit-in-der-pflege\/\" rel=\"category tag\">Arbeit &amp; Leben in der Pflege<\/a><\/span><span class=\"fusion-meta-tb-sep\"><\/span><\/div><\/div><\/div>\n<div class=\"fusion_builder_column fusion-builder-column-22 fusion-flex-column post-card swiper-slide\" style=\"--awb-padding-top:12vw;--awb-padding-right:2vw;--awb-padding-bottom:2vw;--awb-padding-left:2vw;--awb-padding-top-small:20vw;--awb-padding-right-small:20px;--awb-padding-bottom-small:30px;--awb-padding-left-small:20px;--awb-bg-image:linear-gradient(180deg, hsla(var(--awb-color8-h),var(--awb-color8-s),var(--awb-color8-l),calc(var(--awb-color8-a) - 100%)) 0%,var(--awb-color8) 90%);;--awb-bg-position:center center;--awb-bg-size:cover;--awb-flex-grow:0;--awb-flex-shrink:0;--awb-flex-grow-medium:0;--awb-flex-shrink-medium:0;--awb-flex-grow-small:0;--awb-flex-shrink-small:0;\"><div class=\"fusion-column-wrapper lazyload fusion-flex-justify-content-flex-start fusion-content-layout-column fusion-column-has-bg-image fusion-carousel-item-wrapper\" data-bg-url=\"https:\/\/karriere.compassio.de\/magazin\/wp-content\/uploads\/2026\/04\/20.png\" data-bg=\"https:\/\/karriere.compassio.de\/magazin\/wp-content\/uploads\/2026\/04\/20.png\" data-bg-gradient=\"linear-gradient(180deg, hsla(var(--awb-color8-h),var(--awb-color8-s),var(--awb-color8-l),calc(var(--awb-color8-a) - 100%)) 0%,var(--awb-color8) 90%)\"><div class=\"fusion-title title fusion-title-21 fusion-sep-none fusion-title-center fusion-title-text fusion-title-size-four\" style=\"--awb-margin-top-small:10px;--awb-margin-right-small:0px;--awb-margin-bottom-small:10px;--awb-margin-left-small:0px;--awb-link-color:var(--awb-color1);--awb-link-hover-color:var(--awb-color3);\"><h4 class=\"fusion-title-heading title-heading-center\" style=\"margin:0;text-transform:capitalize;\"><a href=\"https:\/\/karriere.compassio.de\/magazin\/stress-in-der-pflege-so-schuetzt-du-dich-im-alltag\/\" class=\"awb-custom-text-color awb-custom-text-hover-color\" target=\"_self\">Stress in der Pflege: So sch\u00fctzt du dich im Alltag<\/a><\/h4><\/div><div class=\"fusion-meta-tb fusion-meta-tb-5 floated\" style=\"--awb-border-bottom:0px;--awb-border-top:0px;--awb-height:36px;--awb-text-color:var(--awb-color1);--awb-link-color:var(--awb-color4);--awb-text-hover-color:var(--awb-color3);--awb-alignment:center;--awb-alignment-medium:center;--awb-alignment-small:center;\"><span class=\"fusion-tb-categories\">Kategorien: <a href=\"https:\/\/karriere.compassio.de\/magazin\/category\/arbeit-in-der-pflege\/\" rel=\"category tag\">Arbeit &amp; Leben in der Pflege<\/a><\/span><span class=\"fusion-meta-tb-sep\"><\/span><\/div><\/div><\/div>\n<\/div><div class=\"swiper-pagination\"><\/div><\/div><\/div><\/div><\/div><\/div><\/div><\/div><\/div><\/p>\n","protected":false},"excerpt":{"rendered":"","protected":false},"author":1,"featured_media":0,"parent":0,"menu_order":0,"comment_status":"closed","ping_status":"closed","template":"100-width.php","meta":{"footnotes":""},"class_list":["post-2036","page","type-page","status-publish","hentry"],"yoast_head":"<!-- This site is optimized with the Yoast SEO plugin v27.4 - https:\/\/yoast.com\/product\/yoast-seo-wordpress\/ -->\n<title>Pflege Magazin \u2764\ufe0f Pflege mit Herz &amp; Verstand | compassio Karriere<\/title>\n<meta name=\"description\" content=\"Tipps zu Karriere, Ausbildung &amp; Alltag in der Pflege \u2764\ufe0f f\u00fcr alle, die mit Herz dabei sind. Dein Magazin von compassio.\" \/>\n<meta name=\"robots\" content=\"index, follow, max-snippet:-1, max-image-preview:large, max-video-preview:-1\" \/>\n<link rel=\"canonical\" href=\"https:\/\/karriere.compassio.de\/magazin\/\" \/>\n<meta property=\"og:locale\" content=\"de_DE\" \/>\n<meta property=\"og:type\" content=\"article\" \/>\n<meta property=\"og:title\" content=\"Pflege Magazin \u2764\ufe0f Pflege mit Herz &amp; Verstand | compassio Karriere\" \/>\n<meta property=\"og:description\" content=\"Tipps zu Karriere, Ausbildung &amp; Alltag in der Pflege \u2764\ufe0f f\u00fcr alle, die mit Herz dabei sind. Dein Magazin von compassio.\" \/>\n<meta property=\"og:url\" content=\"https:\/\/karriere.compassio.de\/magazin\/\" \/>\n<meta property=\"og:site_name\" content=\"Avada Magazine\" \/>\n<meta property=\"article:publisher\" content=\"https:\/\/www.facebook.com\/compassiokarriere\/\" \/>\n<meta property=\"article:modified_time\" content=\"2026-04-23T12:37:16+00:00\" \/>\n<meta property=\"og:image\" content=\"https:\/\/karriere.compassio.de\/magazin\/wp-content\/uploads\/2026\/04\/compassio-magazin-karriere.jpg\" \/>\n\t<meta property=\"og:image:width\" content=\"768\" \/>\n\t<meta property=\"og:image:height\" content=\"512\" \/>\n\t<meta property=\"og:image:type\" content=\"image\/jpeg\" \/>\n<meta name=\"twitter:card\" content=\"summary_large_image\" \/>\n<meta name=\"twitter:label1\" content=\"Gesch\u00e4tzte Lesezeit\" \/>\n\t<meta name=\"twitter:data1\" content=\"5\u00a0Minuten\" \/>\n<script type=\"application\/ld+json\" class=\"yoast-schema-graph\">{\"@context\":\"https:\\\/\\\/schema.org\",\"@graph\":[{\"@type\":\"WebPage\",\"@id\":\"https:\\\/\\\/karriere.compassio.de\\\/magazin\\\/\",\"url\":\"https:\\\/\\\/karriere.compassio.de\\\/magazin\\\/\",\"name\":\"Pflege Magazin \u2764\ufe0f Pflege mit Herz & Verstand | compassio Karriere\",\"isPartOf\":{\"@id\":\"https:\\\/\\\/karriere.compassio.de\\\/magazin\\\/#website\"},\"datePublished\":\"2023-02-21T14:22:34+00:00\",\"dateModified\":\"2026-04-23T12:37:16+00:00\",\"description\":\"Tipps zu Karriere, Ausbildung & Alltag in der Pflege \u2764\ufe0f f\u00fcr alle, die mit Herz dabei sind. Dein Magazin von compassio.\",\"breadcrumb\":{\"@id\":\"https:\\\/\\\/karriere.compassio.de\\\/magazin\\\/#breadcrumb\"},\"inLanguage\":\"de\",\"potentialAction\":[{\"@type\":\"ReadAction\",\"target\":[\"https:\\\/\\\/karriere.compassio.de\\\/magazin\\\/\"]}]},{\"@type\":\"BreadcrumbList\",\"@id\":\"https:\\\/\\\/karriere.compassio.de\\\/magazin\\\/#breadcrumb\",\"itemListElement\":[{\"@type\":\"ListItem\",\"position\":1,\"name\":\"Start\",\"item\":\"https:\\\/\\\/karriere.compassio.de\\\/magazin\\\/\"},{\"@type\":\"ListItem\",\"position\":2,\"name\":\"Magazine Home\"}]},{\"@type\":\"WebSite\",\"@id\":\"https:\\\/\\\/karriere.compassio.de\\\/magazin\\\/#website\",\"url\":\"https:\\\/\\\/karriere.compassio.de\\\/magazin\\\/\",\"name\":\"compassio Karriere Magazin\",\"description\":\"\",\"publisher\":{\"@id\":\"https:\\\/\\\/karriere.compassio.de\\\/magazin\\\/#organization\"},\"potentialAction\":[{\"@type\":\"SearchAction\",\"target\":{\"@type\":\"EntryPoint\",\"urlTemplate\":\"https:\\\/\\\/karriere.compassio.de\\\/magazin\\\/?s={search_term_string}\"},\"query-input\":{\"@type\":\"PropertyValueSpecification\",\"valueRequired\":true,\"valueName\":\"search_term_string\"}}],\"inLanguage\":\"de\"},{\"@type\":\"Organization\",\"@id\":\"https:\\\/\\\/karriere.compassio.de\\\/magazin\\\/#organization\",\"name\":\"compassio Karriere\",\"url\":\"https:\\\/\\\/karriere.compassio.de\\\/magazin\\\/\",\"logo\":{\"@type\":\"ImageObject\",\"inLanguage\":\"de\",\"@id\":\"https:\\\/\\\/karriere.compassio.de\\\/magazin\\\/#\\\/schema\\\/logo\\\/image\\\/\",\"url\":\"https:\\\/\\\/karriere.compassio.de\\\/magazin\\\/wp-content\\\/uploads\\\/2026\\\/03\\\/logo.png\",\"contentUrl\":\"https:\\\/\\\/karriere.compassio.de\\\/magazin\\\/wp-content\\\/uploads\\\/2026\\\/03\\\/logo.png\",\"width\":952,\"height\":348,\"caption\":\"compassio Karriere\"},\"image\":{\"@id\":\"https:\\\/\\\/karriere.compassio.de\\\/magazin\\\/#\\\/schema\\\/logo\\\/image\\\/\"},\"sameAs\":[\"https:\\\/\\\/www.facebook.com\\\/compassiokarriere\\\/\"]}]}<\/script>\n<!-- \/ Yoast SEO plugin. -->","yoast_head_json":{"title":"Pflege Magazin \u2764\ufe0f Pflege mit Herz & Verstand | compassio Karriere","description":"Tipps zu Karriere, Ausbildung & Alltag in der Pflege \u2764\ufe0f f\u00fcr alle, die mit Herz dabei sind. Dein Magazin von compassio.","robots":{"index":"index","follow":"follow","max-snippet":"max-snippet:-1","max-image-preview":"max-image-preview:large","max-video-preview":"max-video-preview:-1"},"canonical":"https:\/\/karriere.compassio.de\/magazin\/","og_locale":"de_DE","og_type":"article","og_title":"Pflege Magazin \u2764\ufe0f Pflege mit Herz & Verstand | compassio Karriere","og_description":"Tipps zu Karriere, Ausbildung & Alltag in der Pflege \u2764\ufe0f f\u00fcr alle, die mit Herz dabei sind. Dein Magazin von compassio.","og_url":"https:\/\/karriere.compassio.de\/magazin\/","og_site_name":"Avada Magazine","article_publisher":"https:\/\/www.facebook.com\/compassiokarriere\/","article_modified_time":"2026-04-23T12:37:16+00:00","og_image":[{"width":768,"height":512,"url":"https:\/\/karriere.compassio.de\/magazin\/wp-content\/uploads\/2026\/04\/compassio-magazin-karriere.jpg","type":"image\/jpeg"}],"twitter_card":"summary_large_image","twitter_misc":{"Gesch\u00e4tzte Lesezeit":"5\u00a0Minuten"},"schema":{"@context":"https:\/\/schema.org","@graph":[{"@type":"WebPage","@id":"https:\/\/karriere.compassio.de\/magazin\/","url":"https:\/\/karriere.compassio.de\/magazin\/","name":"Pflege Magazin \u2764\ufe0f Pflege mit Herz & Verstand | compassio Karriere","isPartOf":{"@id":"https:\/\/karriere.compassio.de\/magazin\/#website"},"datePublished":"2023-02-21T14:22:34+00:00","dateModified":"2026-04-23T12:37:16+00:00","description":"Tipps zu Karriere, Ausbildung & Alltag in der Pflege \u2764\ufe0f f\u00fcr alle, die mit Herz dabei sind. Dein Magazin von compassio.","breadcrumb":{"@id":"https:\/\/karriere.compassio.de\/magazin\/#breadcrumb"},"inLanguage":"de","potentialAction":[{"@type":"ReadAction","target":["https:\/\/karriere.compassio.de\/magazin\/"]}]},{"@type":"BreadcrumbList","@id":"https:\/\/karriere.compassio.de\/magazin\/#breadcrumb","itemListElement":[{"@type":"ListItem","position":1,"name":"Start","item":"https:\/\/karriere.compassio.de\/magazin\/"},{"@type":"ListItem","position":2,"name":"Magazine Home"}]},{"@type":"WebSite","@id":"https:\/\/karriere.compassio.de\/magazin\/#website","url":"https:\/\/karriere.compassio.de\/magazin\/","name":"compassio Karriere Magazin","description":"","publisher":{"@id":"https:\/\/karriere.compassio.de\/magazin\/#organization"},"potentialAction":[{"@type":"SearchAction","target":{"@type":"EntryPoint","urlTemplate":"https:\/\/karriere.compassio.de\/magazin\/?s={search_term_string}"},"query-input":{"@type":"PropertyValueSpecification","valueRequired":true,"valueName":"search_term_string"}}],"inLanguage":"de"},{"@type":"Organization","@id":"https:\/\/karriere.compassio.de\/magazin\/#organization","name":"compassio Karriere","url":"https:\/\/karriere.compassio.de\/magazin\/","logo":{"@type":"ImageObject","inLanguage":"de","@id":"https:\/\/karriere.compassio.de\/magazin\/#\/schema\/logo\/image\/","url":"https:\/\/karriere.compassio.de\/magazin\/wp-content\/uploads\/2026\/03\/logo.png","contentUrl":"https:\/\/karriere.compassio.de\/magazin\/wp-content\/uploads\/2026\/03\/logo.png","width":952,"height":348,"caption":"compassio Karriere"},"image":{"@id":"https:\/\/karriere.compassio.de\/magazin\/#\/schema\/logo\/image\/"},"sameAs":["https:\/\/www.facebook.com\/compassiokarriere\/"]}]}},"_links":{"self":[{"href":"https:\/\/karriere.compassio.de\/magazin\/wp-json\/wp\/v2\/pages\/2036","targetHints":{"allow":["GET"]}}],"collection":[{"href":"https:\/\/karriere.compassio.de\/magazin\/wp-json\/wp\/v2\/pages"}],"about":[{"href":"https:\/\/karriere.compassio.de\/magazin\/wp-json\/wp\/v2\/types\/page"}],"author":[{"embeddable":true,"href":"https:\/\/karriere.compassio.de\/magazin\/wp-json\/wp\/v2\/users\/1"}],"replies":[{"embeddable":true,"href":"https:\/\/karriere.compassio.de\/magazin\/wp-json\/wp\/v2\/comments?post=2036"}],"version-history":[{"count":18,"href":"https:\/\/karriere.compassio.de\/magazin\/wp-json\/wp\/v2\/pages\/2036\/revisions"}],"predecessor-version":[{"id":2213,"href":"https:\/\/karriere.compassio.de\/magazin\/wp-json\/wp\/v2\/pages\/2036\/revisions\/2213"}],"wp:attachment":[{"href":"https:\/\/karriere.compassio.de\/magazin\/wp-json\/wp\/v2\/media?parent=2036"}],"curies":[{"name":"wp","href":"https:\/\/api.w.org\/{rel}","templated":true}]}}